{"id":10944,"date":"2022-04-20T21:40:45","date_gmt":"2022-04-20T21:40:45","guid":{"rendered":"https:\/\/gifex.com\/fr\/?post_type=ficha&#038;p=10944"},"modified":"2022-08-15T14:25:58","modified_gmt":"2022-08-15T14:25:58","slug":"quels-sont-les-arrondissements-de-la-corse","status":"publish","type":"ficha","link":"https:\/\/gifex.com\/fr\/fichier\/quels-sont-les-arrondissements-de-la-corse\/","title":{"rendered":"Quels sont les arrondissements de la Corse ?"},"content":{"rendered":"<p style=\"text-align: center;\"><label style=\"font-size: 15px;\">Carte des arrondissements de la Corse<\/label><\/p>\n<p>Les arrondissements sont des circonscriptions administratives de la collectivit\u00e9 territoriale unique de Corse, \u00e0 savoir un espace g\u00e9ographique r\u00e9sultant d&#8217;un d\u00e9coupage du territoire r\u00e9gional \u00e0 des fins de gestion administrative. Apparus en l&#8217;an VIII (1800), ils constituent une subdivision interm\u00e9diaire entre les d\u00e9partements et les cantons, et sont rapidement assimil\u00e9s \u00e0 la sous-pr\u00e9fecture. D\u00e9pourvues de personnalit\u00e9 morale, ils servent de cadre \u00e0 l&#8217;action de l&#8217;Etat sur ce territoire et sont devenus, depuis la r\u00e9duction cantonale de 2015, des circonscriptions supracommunales.<\/p>\n<p>Un arrondissement porte g\u00e9n\u00e9ralement le nom de son chef-lieu (la sous-pr\u00e9fecture, sauf s&#8217;il s&#8217;agit de la pr\u00e9fecture du d\u00e9partement) et est administr\u00e9 par un sous-pr\u00e9fet (sauf l&#8217;arrondissement dont le chef-lieu est \u00e9galement celui du d\u00e9partement, qui est administr\u00e9 par le secr\u00e9taire g\u00e9n\u00e9ral de pr\u00e9fecture).<\/p>\n<p>Le tableau ci-dessous r\u00e9pertorie les arrondissements de la Corse, class\u00e9s par ordre alphab\u00e9tique. Le nombre de communes tient compte de la cr\u00e9ation de nouvelles communes au 1er janvier 2022.<\/p>\n<div class=\"boxscrl\">\n<table width=\"592\">\n<tbody>\n<tr>\n<td width=\"41\">Code<\/td>\n<td rowspan=\"2\" width=\"107\">Arrondissement<\/td>\n<td rowspan=\"2\" width=\"65\">Chef-lieu<\/td>\n<td rowspan=\"2\" width=\"91\">D\u00e9p.<\/td>\n<td width=\"67\">Population<\/td>\n<td width=\"70\">Superficie<\/td>\n<td width=\"74\">Densit\u00e9<\/td>\n<td width=\"77\">Communes<\/td>\n<\/tr>\n<tr>\n<td width=\"41\">Insee<\/td>\n<td width=\"67\">2019<\/td>\n<td width=\"70\">(km<sup>2<\/sup>)<\/td>\n<td width=\"74\">(hab.\/km<sup>2<\/sup>)<\/td>\n<td width=\"77\">2022<\/td>\n<\/tr>\n<tr>\n<td width=\"41\">2A1<\/td>\n<td width=\"107\">Ajaccio<\/td>\n<td width=\"65\">Ajaccio<\/td>\n<td width=\"91\">Corse-du-Sud<\/td>\n<td width=\"67\">117\u00a0950<\/td>\n<td width=\"70\"><span data-sort-value=\"&amp;0000000000002224.400000\">2\u00a0224,4<\/span><\/td>\n<td width=\"74\"><span data-sort-value=\"&amp;0000000000000053.000000\">53<\/span><\/td>\n<td width=\"77\">81<\/td>\n<\/tr>\n<tr>\n<td width=\"41\">2B2<\/td>\n<td width=\"107\">Bastia<\/td>\n<td width=\"65\">Bastia<\/td>\n<td width=\"91\">Haute-Corse<\/td>\n<td width=\"67\">91\u00a0790<\/td>\n<td width=\"70\"><span data-sort-value=\"&amp;0000000000000473.800000\">473,8<\/span><\/td>\n<td width=\"74\"><span data-sort-value=\"&amp;0000000000000193.700000\">193,7<\/span><\/td>\n<td width=\"77\">27<\/td>\n<\/tr>\n<tr>\n<td width=\"41\">2B5<\/td>\n<td width=\"107\">Calvi<\/td>\n<td width=\"65\">Calvi<\/td>\n<td width=\"91\">Haute-Corse<\/td>\n<td width=\"67\">30\u00a0726<\/td>\n<td width=\"70\"><span data-sort-value=\"&amp;0000000000001338.400000\">1\u00a0338,4<\/span><\/td>\n<td width=\"74\"><span data-sort-value=\"&amp;0000000000000023.000000\">23<\/span><\/td>\n<td width=\"77\">51<\/td>\n<\/tr>\n<tr>\n<td width=\"41\">2B3<\/td>\n<td width=\"107\">Corte<\/td>\n<td width=\"65\">Corte<\/td>\n<td width=\"91\">Haute-Corse<\/td>\n<td width=\"67\">59\u00a0417<\/td>\n<td width=\"70\"><span data-sort-value=\"&amp;0000000000002853.400000\">2\u00a0853,4<\/span><\/td>\n<td width=\"74\"><span data-sort-value=\"&amp;0000000000000020.800000\">20,8<\/span><\/td>\n<td width=\"77\">158<\/td>\n<\/tr>\n<tr>\n<td width=\"41\">2A4<\/td>\n<td width=\"107\">Sart\u00e8ne<\/td>\n<td width=\"65\">Sart\u00e8ne<\/td>\n<td width=\"91\">Corse-du-Sud<\/td>\n<td width=\"67\">40\u00a0557<\/td>\n<td width=\"70\"><span data-sort-value=\"&amp;0000000000001789.900000\">1\u00a0789,9<\/span><\/td>\n<td width=\"74\"><span data-sort-value=\"&amp;0000000000000022.700000\">22,7<\/span><\/td>\n<td width=\"77\">43<\/td>\n<\/tr>\n<\/tbody>\n<\/table>\n<\/div>\n","protected":false},"excerpt":{"rendered":"<p>Carte des arrondissements de la Corse.<\/p>\n<p>Les arrondissements sont des circonscriptions administratives de la colle<\/p>\n","protected":false},"author":1,"featured_media":10946,"template":"","categoria_ficha":[1778],"class_list":["post-10944","ficha","type-ficha","status-publish","has-post-thumbnail","hentry","categoria_ficha-cartes-de-la-corse"],"acf":[],"_links":{"self":[{"href":"https:\/\/gifex.com\/fr\/wp-json\/wp\/v2\/ficha\/10944","targetHints":{"allow":["GET"]}}],"collection":[{"href":"https:\/\/gifex.com\/fr\/wp-json\/wp\/v2\/ficha"}],"about":[{"href":"https:\/\/gifex.com\/fr\/wp-json\/wp\/v2\/types\/ficha"}],"author":[{"embeddable":true,"href":"https:\/\/gifex.com\/fr\/wp-json\/wp\/v2\/users\/1"}],"version-history":[{"count":6,"href":"https:\/\/gifex.com\/fr\/wp-json\/wp\/v2\/ficha\/10944\/revisions"}],"predecessor-version":[{"id":21063,"href":"https:\/\/gifex.com\/fr\/wp-json\/wp\/v2\/ficha\/10944\/revisions\/21063"}],"wp:featuredmedia":[{"embeddable":true,"href":"https:\/\/gifex.com\/fr\/wp-json\/wp\/v2\/media\/10946"}],"wp:attachment":[{"href":"https:\/\/gifex.com\/fr\/wp-json\/wp\/v2\/media?parent=10944"}],"wp:term":[{"taxonomy":"categoria_ficha","embeddable":true,"href":"https:\/\/gifex.com\/fr\/wp-json\/wp\/v2\/categoria_ficha?post=10944"}],"curies":[{"name":"wp","href":"https:\/\/api.w.org\/{rel}","templated":true}]}}