{"id":10650,"date":"2022-04-16T22:14:03","date_gmt":"2022-04-16T22:14:03","guid":{"rendered":"https:\/\/gifex.com\/fr\/?post_type=ficha&#038;p=10650"},"modified":"2022-08-15T18:34:11","modified_gmt":"2022-08-15T18:34:11","slug":"quels-sont-les-departements-des-hauts-de-france","status":"publish","type":"ficha","link":"https:\/\/gifex.com\/fr\/fichier\/quels-sont-les-departements-des-hauts-de-france\/","title":{"rendered":"Quels sont les d\u00e9partements des Hauts-de-France ?"},"content":{"rendered":"<p>En Hauts-de-France (pour voir l&#8217;emplacement des d\u00e9partements dans la r\u00e9gion consultez la carte ci-dessus), le d\u00e9partement est \u00e0 la fois :<\/p>\n<ul>\n<li>une\u00a0circonscription administrative,\u00a0territoire de comp\u00e9tence\u00a0de services de l&#8217;\u00c9tat\u00a0;<\/li>\n<li>le territoire de comp\u00e9tence d&#8217;un d\u00e9partement en tant que collectivit\u00e9 territoriale\u00a0;<\/li>\n<li>une collectivit\u00e9 territoriale proprement dite, \u00e0 savoir une\u00a0personne morale\u00a0de droit public diff\u00e9rente de l&#8217;\u00c9tat, investie d&#8217;une mission d&#8217;int\u00e9r\u00eat g\u00e9n\u00e9ral\u00a0concernant le d\u00e9partement, compris en tant que territoire.<\/li>\n<\/ul>\n<p>La circonscription administrative d\u00e9partementale est administr\u00e9e par un pr\u00e9fet \u00e0 la t\u00eate de diff\u00e9rents services de l&#8217;\u00c9tat. La\u00a0collectivit\u00e9 d\u00e9partementale\u00a0dispose quant \u00e0 elle, pour l&#8217;exercice des comp\u00e9tences qui lui sont d\u00e9volues, d&#8217;un organe d\u00e9lib\u00e9rant, le\u00a0conseil d\u00e9partemental, et d&#8217;un organe ex\u00e9cutif, le pr\u00e9sident du conseil d\u00e9partemental, qui pr\u00e9pare et ex\u00e9cute les d\u00e9lib\u00e9rations du conseil d\u00e9partemental. Il est assist\u00e9 \u00e0 cette fin de vice-pr\u00e9sidents et d&#8217;un bureau sur le plan politique et de services d\u00e9partementaux pour la mise en \u0153uvre des d\u00e9cisions.<\/p>\n<p>Le territoire d\u00e9partemental est \u00e9galement utilis\u00e9 comme circonscription \u00e9lectorale pour l&#8217;\u00e9lection des s\u00e9nateurs de la r\u00e9gion Grand Est.<\/p>\n<p>La cr\u00e9ation des d\u00e9partements fran\u00e7ais remonte au\u00a0d\u00e9cret du 22 d\u00e9cembre 1789\u00a0pris par l&#8217;Assembl\u00e9e constituante de 1789, effectif \u00e0 partir du\u00a04\u00a0mars\u00a01790. Leurs limites\u00a0sont fortement inspir\u00e9es de projets de red\u00e9coupages du territoire plus anciens \u00e9labor\u00e9s sous la royaut\u00e9\u00a0par\u00a0Marc-Ren\u00e9 d&#8217;Argenson\u00a0d\u00e8s\u00a01665\u00a0et inscrit dans un \u00e9dit en\u00a01787, ou encore par\u00a0Condorcet\u00a0en\u00a01788.<\/p>\n<div class=\"boxscrl\">\n<table width=\"378\">\n<tbody>\n<tr>\n<td colspan=\"5\" width=\"378\">D\u00e9partements de la r\u00e9gion Hauts-de-France au\u00a01<sup>er<\/sup>\u00a0janvier 2022<\/td>\n<\/tr>\n<tr>\n<td rowspan=\"2\" width=\"90\">Nom<\/td>\n<td width=\"41\">Code<\/td>\n<td width=\"70\">Superficie<\/td>\n<td rowspan=\"2\" width=\"103\">Population<\/td>\n<td width=\"74\">Densit\u00e9<\/td>\n<\/tr>\n<tr>\n<td width=\"41\">Insee<\/td>\n<td width=\"70\">(km<sup>2<\/sup>)<\/td>\n<td width=\"74\">(hab.\/km<sup>2<\/sup>)<\/td>\n<\/tr>\n<tr>\n<td width=\"90\">Aisne<\/td>\n<td width=\"41\">2<\/td>\n<td width=\"70\">7 362<\/td>\n<td width=\"103\">531 345\u00a0(2019)<\/td>\n<td width=\"74\">72<\/td>\n<\/tr>\n<tr>\n<td width=\"90\">Nord<\/td>\n<td width=\"41\">59<\/td>\n<td width=\"70\">5 743<\/td>\n<td width=\"103\">2 608 346\u00a0(2019)<\/td>\n<td width=\"74\">454<\/td>\n<\/tr>\n<tr>\n<td width=\"90\">Oise<\/td>\n<td width=\"41\">60<\/td>\n<td width=\"70\">5\u00a0860<\/td>\n<td width=\"103\" data-sort-value=\"302306\">829 419\u00a0(2019)<\/td>\n<td width=\"74\">142<\/td>\n<\/tr>\n<tr>\n<td width=\"90\">Pas-de-Calais<\/td>\n<td width=\"41\">62<\/td>\n<td width=\"70\">6\u00a0671<\/td>\n<td width=\"103\" data-sort-value=\"302306\">1 465 278\u00a0(2019)<\/td>\n<td width=\"74\">220<\/td>\n<\/tr>\n<tr>\n<td width=\"90\">Somme<\/td>\n<td width=\"41\">80<\/td>\n<td width=\"70\">6\u00a0170<\/td>\n<td width=\"103\" data-sort-value=\"302306\">570 559\u00a0(2019)<\/td>\n<td width=\"74\">92<\/td>\n<\/tr>\n<\/tbody>\n<\/table>\n<\/div>\n","protected":false},"excerpt":{"rendered":"<p>Les d\u00e9partements de la r\u00e9gion sur la carte ci-dessus, le d\u00e9partement est \u00e0 la fois :<\/p>\n","protected":false},"author":1,"featured_media":10660,"template":"","categoria_ficha":[1780],"class_list":["post-10650","ficha","type-ficha","status-publish","has-post-thumbnail","hentry","categoria_ficha-cartes-des-hauts-de-france"],"acf":[],"_links":{"self":[{"href":"https:\/\/gifex.com\/fr\/wp-json\/wp\/v2\/ficha\/10650","targetHints":{"allow":["GET"]}}],"collection":[{"href":"https:\/\/gifex.com\/fr\/wp-json\/wp\/v2\/ficha"}],"about":[{"href":"https:\/\/gifex.com\/fr\/wp-json\/wp\/v2\/types\/ficha"}],"author":[{"embeddable":true,"href":"https:\/\/gifex.com\/fr\/wp-json\/wp\/v2\/users\/1"}],"version-history":[{"count":8,"href":"https:\/\/gifex.com\/fr\/wp-json\/wp\/v2\/ficha\/10650\/revisions"}],"predecessor-version":[{"id":21102,"href":"https:\/\/gifex.com\/fr\/wp-json\/wp\/v2\/ficha\/10650\/revisions\/21102"}],"wp:featuredmedia":[{"embeddable":true,"href":"https:\/\/gifex.com\/fr\/wp-json\/wp\/v2\/media\/10660"}],"wp:attachment":[{"href":"https:\/\/gifex.com\/fr\/wp-json\/wp\/v2\/media?parent=10650"}],"wp:term":[{"taxonomy":"categoria_ficha","embeddable":true,"href":"https:\/\/gifex.com\/fr\/wp-json\/wp\/v2\/categoria_ficha?post=10650"}],"curies":[{"name":"wp","href":"https:\/\/api.w.org\/{rel}","templated":true}]}}