{"id":10544,"date":"2022-04-15T18:43:33","date_gmt":"2022-04-15T18:43:33","guid":{"rendered":"https:\/\/gifex.com\/fr\/?post_type=ficha&#038;p=10544"},"modified":"2024-11-13T18:38:08","modified_gmt":"2024-11-13T18:38:08","slug":"carte-de-la-region-bretagne","status":"publish","type":"ficha","link":"https:\/\/gifex.com\/fr\/fichier\/carte-de-la-region-bretagne\/","title":{"rendered":"Carte de la r\u00e9gion Bretagne"},"content":{"rendered":"<p>Carte de la r\u00e9gion Bretagne <a href=\"https:\/\/gifex.com\/fr\/wp-content\/uploads\/10544\/Carte-de-la-region-Bretagne.pdf\" target=\"_blank\" rel=\"noopener\">(format pdf)<\/a>, la plus \u00e0 l&#8217;ouest des r\u00e9gions de France m\u00e9tropolitaine. Elle couvre environ les quatre cinqui\u00e8mes du territoire de la province historique de Bretagne. Sa capitale est Rennes. C&#8217;est l&#8217;une des deux R\u00e9gions de France m\u00e9tropolitaine qui ne compte aucun d\u00e9partement enclav\u00e9, l&#8217;autre \u00e9tant la Corse.<\/p>\n<figure id=\"attachment_10546\" aria-describedby=\"caption-attachment-10546\" style=\"width: 360px\" class=\"wp-caption alignright\"><a href=\"https:\/\/gifex.com\/fr\/wp-content\/uploads\/10544\/Le-chateau-de-Brest-vu-depuis-le-pont-de-Recouvrance-2012.jpg\" target=\"_blank\" rel=\"noopener\"><img fetchpriority=\"high\" decoding=\"async\" class=\"wp-image-10546\" style=\"width: 100%; max-width: 360px; height: auto;\" title=\"Le ch\u00e2teau de Brest vu depuis le pont de Recouvrance.\" src=\"https:\/\/gifex.com\/fr\/wp-content\/uploads\/10544\/Le-chateau-de-Brest-vu-depuis-le-pont-de-Recouvrance-2012-300x225.jpg\" alt=\"Le ch\u00e2teau de Brest vu depuis le pont de Recouvrance.\" width=\"360\" height=\"270\" srcset=\"https:\/\/gifex.com\/fr\/wp-content\/uploads\/10544\/Le-chateau-de-Brest-vu-depuis-le-pont-de-Recouvrance-2012-300x225.jpg 300w, https:\/\/gifex.com\/fr\/wp-content\/uploads\/10544\/Le-chateau-de-Brest-vu-depuis-le-pont-de-Recouvrance-2012-1024x768.jpg 1024w, https:\/\/gifex.com\/fr\/wp-content\/uploads\/10544\/Le-chateau-de-Brest-vu-depuis-le-pont-de-Recouvrance-2012-768x576.jpg 768w, https:\/\/gifex.com\/fr\/wp-content\/uploads\/10544\/Le-chateau-de-Brest-vu-depuis-le-pont-de-Recouvrance-2012-1536x1152.jpg 1536w, https:\/\/gifex.com\/fr\/wp-content\/uploads\/10544\/Le-chateau-de-Brest-vu-depuis-le-pont-de-Recouvrance-2012-2048x1536.jpg 2048w, https:\/\/gifex.com\/fr\/wp-content\/uploads\/10544\/Le-chateau-de-Brest-vu-depuis-le-pont-de-Recouvrance-2012-800x600.jpg 800w, https:\/\/gifex.com\/fr\/wp-content\/uploads\/10544\/Le-chateau-de-Brest-vu-depuis-le-pont-de-Recouvrance-2012-1600x1200.jpg 1600w\" sizes=\"(max-width: 360px) 100vw, 360px\" \/><\/a><figcaption id=\"caption-attachment-10546\" class=\"wp-caption-text\"><label style=\"font-size: 15px;\">Le ch\u00e2teau de Brest vu depuis le pont de Recouvrance.<\/label><\/figcaption><\/figure>\n<p>La Bretagne est une r\u00e9gion p\u00e9ninsulaire bord\u00e9e par la Manche au nord et le golfe de Gascogne au sud, et ses r\u00e9gions voisines sont la Normandie au nord-est et les Pays de la Loire au sud-est. \u00ab Bro Gozh ma Zado\u00f9 \u00bb est l&#8217;hymne de la Bretagne. Il est chant\u00e9 sur le m\u00eame air que celui de l&#8217; hymne national du Pays de Galles , \u00bb Hen Wlad Fy Nhadau \u00ab, et a des mots similaires.<\/p>\n<p>La r\u00e9gion Bretagne est parfois d\u00e9sign\u00e9e sous l&#8217;expression \u00ab\u00a0Bretagne administrative\u00a0\u00bb par opposition \u00e0 la \u00ab\u00a0Bretagne\u00a0historique\u00a0\u00bb ou la \u00ab\u00a0Bretagne culturelle\u00a0\u00bb qui comporte \u00e9galement la\u00a0Loire-Atlantique\u00a0et dont la\u00a0question du rattachement avec le reste de la r\u00e9gion administrative\u00a0est d\u00e9battue depuis des d\u00e9cennies.<\/p>\n","protected":false},"excerpt":{"rendered":"<p>Carte de la r\u00e9gion Bretagne (format pdf), la plus \u00e0 l&#8217;ouest des r\u00e9gions de France m\u00e9tropolitaine. Elle couvre environ les quatre cinqui\u00e8mes du territoire &#8230;<\/p>\n","protected":false},"author":1,"featured_media":54155,"template":"","categoria_ficha":[1776],"class_list":["post-10544","ficha","type-ficha","status-publish","has-post-thumbnail","hentry","categoria_ficha-cartes-de-la-bretagne"],"acf":[],"_links":{"self":[{"href":"https:\/\/gifex.com\/fr\/wp-json\/wp\/v2\/ficha\/10544","targetHints":{"allow":["GET"]}}],"collection":[{"href":"https:\/\/gifex.com\/fr\/wp-json\/wp\/v2\/ficha"}],"about":[{"href":"https:\/\/gifex.com\/fr\/wp-json\/wp\/v2\/types\/ficha"}],"author":[{"embeddable":true,"href":"https:\/\/gifex.com\/fr\/wp-json\/wp\/v2\/users\/1"}],"version-history":[{"count":8,"href":"https:\/\/gifex.com\/fr\/wp-json\/wp\/v2\/ficha\/10544\/revisions"}],"predecessor-version":[{"id":10553,"href":"https:\/\/gifex.com\/fr\/wp-json\/wp\/v2\/ficha\/10544\/revisions\/10553"}],"wp:featuredmedia":[{"embeddable":true,"href":"https:\/\/gifex.com\/fr\/wp-json\/wp\/v2\/media\/54155"}],"wp:attachment":[{"href":"https:\/\/gifex.com\/fr\/wp-json\/wp\/v2\/media?parent=10544"}],"wp:term":[{"taxonomy":"categoria_ficha","embeddable":true,"href":"https:\/\/gifex.com\/fr\/wp-json\/wp\/v2\/categoria_ficha?post=10544"}],"curies":[{"name":"wp","href":"https:\/\/api.w.org\/{rel}","templated":true}]}}