{"id":10517,"date":"2022-04-15T01:39:37","date_gmt":"2022-04-15T01:39:37","guid":{"rendered":"https:\/\/gifex.com\/fr\/?post_type=ficha&#038;p=10517"},"modified":"2023-03-25T20:25:40","modified_gmt":"2023-03-25T20:25:40","slug":"louis-xiv","status":"publish","type":"ficha","link":"https:\/\/gifex.com\/fr\/fichier\/louis-xiv\/","title":{"rendered":"Louis XIV"},"content":{"rendered":"<p style=\"text-align: center;\"><label style=\"font-size: 15px;\">Portrait \u00e9questre de Louis XIV de France ; huile sur toile \u0153uvre de Charles Le Brun et Adam Fran\u00e7ois van der Meulen du 17\u00e8me si\u00e8cle.<\/label><\/p>\n<figure id=\"attachment_10522\" aria-describedby=\"caption-attachment-10522\" style=\"width: 360px\" class=\"wp-caption alignright\"><a href=\"https:\/\/gifex.com\/fr\/wp-content\/uploads\/10517\/Louis-XIV-enfant-circa-1648.jpg\" target=\"_blank\" rel=\"noopener\"><img fetchpriority=\"high\" decoding=\"async\" class=\"wp-image-10522\" style=\"width: 100%; max-width: 360px; height: auto;\" title=\" Louis XIV enfant circa 1648.\" src=\"https:\/\/gifex.com\/fr\/wp-content\/uploads\/10517\/Louis-XIV-enfant-circa-1648-300x200.jpg\" alt=\"Louis XIV enfant circa 1648.\" width=\"360\" height=\"240\" srcset=\"https:\/\/gifex.com\/fr\/wp-content\/uploads\/10517\/Louis-XIV-enfant-circa-1648-300x200.jpg 300w, https:\/\/gifex.com\/fr\/wp-content\/uploads\/10517\/Louis-XIV-enfant-circa-1648-1024x683.jpg 1024w, https:\/\/gifex.com\/fr\/wp-content\/uploads\/10517\/Louis-XIV-enfant-circa-1648-768x512.jpg 768w, https:\/\/gifex.com\/fr\/wp-content\/uploads\/10517\/Louis-XIV-enfant-circa-1648-1536x1024.jpg 1536w, https:\/\/gifex.com\/fr\/wp-content\/uploads\/10517\/Louis-XIV-enfant-circa-1648-2048x1366.jpg 2048w, https:\/\/gifex.com\/fr\/wp-content\/uploads\/10517\/Louis-XIV-enfant-circa-1648-1600x1067.jpg 1600w\" sizes=\"(max-width: 360px) 100vw, 360px\" \/><\/a><figcaption id=\"caption-attachment-10522\" class=\"wp-caption-text\"><label style=\"font-size: 15px;\">Louis XIV enfant circa 1648.<\/label><\/figcaption><\/figure>\n<p>Louis XIV (Louis Dieudonn\u00e9 ; 5 septembre 1638 &#8211; 1er septembre 1715), \u00e9galement connu sous le nom de Louis le Grand ou le Roi Soleil, fut roi de France du 14 mai 1643 jusqu&#8217;\u00e0 sa mort en 1715. Son r\u00e8gne de 72 ans et 110 jours est le plus long enregistr\u00e9 de tous les monarques d&#8217;un pays souverain dans l&#8217;histoire. La France de Louis XIV est embl\u00e9matique de l&#8217;\u00e2ge de l&#8217;absolutisme en Europe. Le Roi s&#8217;est entour\u00e9 de personnalit\u00e9s politiques, militaires et culturelles importantes telles que Mazarin, Colbert, Louvois, le Grand Cond\u00e9, Turenne, Vauban, Boulle, Moli\u00e8re, Racine, Boileau, La Fontaine, Lully, Charpentier, Marais, Le Brun, Rigaud, Bossuet, Le Vau, Mansart, Charles Perrault, Claude Perrault et Le N\u00f4tre.<\/p>\n<figure id=\"attachment_10521\" aria-describedby=\"caption-attachment-10521\" style=\"width: 360px\" class=\"wp-caption alignright\"><a href=\"https:\/\/gifex.com\/fr\/wp-content\/uploads\/10517\/Le-chateau-de-Versailles-vers-1668.jpg\" target=\"_blank\" rel=\"noopener\"><img decoding=\"async\" class=\"wp-image-10521\" style=\"width: 100%; max-width: 360px; height: auto;\" title=\"Le ch\u00e2teau de Versailles vers 1668.\" src=\"https:\/\/gifex.com\/fr\/wp-content\/uploads\/10517\/Le-chateau-de-Versailles-vers-1668-300x218.jpg\" alt=\"Le ch\u00e2teau de Versailles vers 1668.\" width=\"360\" height=\"261\" srcset=\"https:\/\/gifex.com\/fr\/wp-content\/uploads\/10517\/Le-chateau-de-Versailles-vers-1668-300x218.jpg 300w, https:\/\/gifex.com\/fr\/wp-content\/uploads\/10517\/Le-chateau-de-Versailles-vers-1668-1024x744.jpg 1024w, https:\/\/gifex.com\/fr\/wp-content\/uploads\/10517\/Le-chateau-de-Versailles-vers-1668-768x558.jpg 768w, https:\/\/gifex.com\/fr\/wp-content\/uploads\/10517\/Le-chateau-de-Versailles-vers-1668-1536x1115.jpg 1536w, https:\/\/gifex.com\/fr\/wp-content\/uploads\/10517\/Le-chateau-de-Versailles-vers-1668-2048x1487.jpg 2048w, https:\/\/gifex.com\/fr\/wp-content\/uploads\/10517\/Le-chateau-de-Versailles-vers-1668-1600x1162.jpg 1600w\" sizes=\"(max-width: 360px) 100vw, 360px\" \/><\/a><figcaption id=\"caption-attachment-10521\" class=\"wp-caption-text\"><label style=\"font-size: 15px;\">Vue du ch\u00e2teau et des jardins de Versailles, prise de l&#8217;avenue de Paris, tel que peint par Pierre Patel en 1668. Le Grand Trianon, commenc\u00e9 en 1670, n&#8217;est pas repr\u00e9sent\u00e9.<\/label><\/figcaption><\/figure>\n<p>Louis a commenc\u00e9 son r\u00e8gne personnel de la France en 1661, apr\u00e8s la mort de son premier ministre, le cardinal Mazarin. Adepte du concept de droit divin des rois, Louis a poursuivi l&#8217;\u0153uvre de ses pr\u00e9d\u00e9cesseurs consistant \u00e0 cr\u00e9er un \u00c9tat centralis\u00e9 gouvern\u00e9 depuis la capitale. Il chercha \u00e0 \u00e9liminer les vestiges du f\u00e9odalisme persistant dans certaines parties de la France et, en obligeant de nombreux membres de la noblesse \u00e0 habiter son somptueux ch\u00e2teau de Versailles, r\u00e9ussit \u00e0 pacifier l&#8217;aristocratie, dont de nombreux membres avaient particip\u00e9 \u00e0 la r\u00e9bellion de la Fronde pendant sa minorit\u00e9. Par ces moyens, il est devenu l&#8217;un des monarques fran\u00e7ais les plus puissants et a consolid\u00e9 un syst\u00e8me de monarchie absolue en France qui a dur\u00e9 jusqu&#8217;\u00e0 la R\u00e9volution fran\u00e7aise. Il a \u00e9galement impos\u00e9 l&#8217;uniformit\u00e9 de la religion sous l&#8217;\u00c9glise catholique gallicane. Sa r\u00e9vocation de l&#8217;\u00e9dit de Nantes abolit les droits de la minorit\u00e9 protestante huguenote et les soumet \u00e0 une vague de dragonnades, for\u00e7ant effectivement les huguenots \u00e0 \u00e9migrer ou \u00e0 se convertir, et d\u00e9truisant pratiquement la communaut\u00e9 protestante fran\u00e7aise.<\/p>\n<figure id=\"attachment_10527\" aria-describedby=\"caption-attachment-10527\" style=\"width: 360px\" class=\"wp-caption alignright\"><a href=\"https:\/\/gifex.com\/fr\/wp-content\/uploads\/10517\/Le-marechal-Villars-mene-la-charge-francaise-a-la-bataille-de-Denain-le-24-juillet-1712.jpg\" target=\"_blank\" rel=\"noopener\"><img decoding=\"async\" class=\"wp-image-10527\" style=\"width: 100%; max-width: 360px; height: auto;\" title=\"Le mar\u00e9chal Villars m\u00e8ne la charge fran\u00e7aise \u00e0 la bataille de Denain le 24 juillet 1712.\" src=\"https:\/\/gifex.com\/fr\/wp-content\/uploads\/10517\/Le-marechal-Villars-mene-la-charge-francaise-a-la-bataille-de-Denain-le-24-juillet-1712-300x264.jpg\" alt=\"Le mar\u00e9chal Villars m\u00e8ne la charge fran\u00e7aise \u00e0 la bataille de Denain le 24 juillet 1712.\" width=\"360\" height=\"317\" srcset=\"https:\/\/gifex.com\/fr\/wp-content\/uploads\/10517\/Le-marechal-Villars-mene-la-charge-francaise-a-la-bataille-de-Denain-le-24-juillet-1712-300x264.jpg 300w, https:\/\/gifex.com\/fr\/wp-content\/uploads\/10517\/Le-marechal-Villars-mene-la-charge-francaise-a-la-bataille-de-Denain-le-24-juillet-1712-1024x901.jpg 1024w, https:\/\/gifex.com\/fr\/wp-content\/uploads\/10517\/Le-marechal-Villars-mene-la-charge-francaise-a-la-bataille-de-Denain-le-24-juillet-1712-768x676.jpg 768w, https:\/\/gifex.com\/fr\/wp-content\/uploads\/10517\/Le-marechal-Villars-mene-la-charge-francaise-a-la-bataille-de-Denain-le-24-juillet-1712-1536x1352.jpg 1536w, https:\/\/gifex.com\/fr\/wp-content\/uploads\/10517\/Le-marechal-Villars-mene-la-charge-francaise-a-la-bataille-de-Denain-le-24-juillet-1712-2048x1803.jpg 2048w, https:\/\/gifex.com\/fr\/wp-content\/uploads\/10517\/Le-marechal-Villars-mene-la-charge-francaise-a-la-bataille-de-Denain-le-24-juillet-1712-1600x1408.jpg 1600w\" sizes=\"(max-width: 360px) 100vw, 360px\" \/><\/a><figcaption id=\"caption-attachment-10527\" class=\"wp-caption-text\"><label style=\"font-size: 15px;\">Le mar\u00e9chal Villars m\u00e8ne la charge fran\u00e7aise \u00e0 la bataille de Denain le 24 juillet 1712, lors de la guerre de Succession d&#8217;Espagne.<\/label><\/figcaption><\/figure>\n<p>Pendant le long r\u00e8gne de Louis, la France s&#8217;est impos\u00e9e comme la premi\u00e8re puissance europ\u00e9enne et a r\u00e9guli\u00e8rement affirm\u00e9 sa puissance militaire. Un conflit avec l&#8217;Espagne marque toute son enfance, tandis que durant son r\u00e8gne, le royaume prend part \u00e0 trois grands conflits continentaux, chacun contre de puissantes alliances \u00e9trang\u00e8res : la guerre franco-n\u00e9erlandaise, la guerre de la Ligue d&#8217;Augsbourg et la guerre de Succession d&#8217;Espagne. En outre, la France a \u00e9galement contest\u00e9 des guerres plus courtes, telles que la guerre de D\u00e9volution et la guerre des R\u00e9unions. La guerre a d\u00e9fini la politique \u00e9trang\u00e8re de Louis et sa personnalit\u00e9 a fa\u00e7onn\u00e9 son approche. Pouss\u00e9 par \u00abun m\u00e9lange de commerce, de vengeance et de pique\u00bb, il a senti que la guerre \u00e9tait le moyen id\u00e9al pour rehausser sa gloire. En temps de paix, il se concentre sur la pr\u00e9paration de la prochaine guerre. Il a enseign\u00e9 \u00e0 ses diplomates que leur travail consistait \u00e0 cr\u00e9er des avantages tactiques et strat\u00e9giques pour l&#8217;arm\u00e9e fran\u00e7aise. \u00c0 sa mort en 1715, Louis XIV laissa \u00e0 son arri\u00e8re-petit-fils et successeur, Louis XV, un royaume puissant, quoique lourdement endett\u00e9 apr\u00e8s la guerre de succession d&#8217;Espagne qui a dur\u00e9 13 ans.<\/p>\n<p>Parmi les r\u00e9alisations importantes de son r\u00e8gne qui allaient avoir une large influence sur le d\u00e9but de l&#8217;\u00e8re moderne jusque dans la r\u00e9volution industrielle et jusqu&#8217;\u00e0 aujourd&#8217;hui, citons la construction du canal du midi, la cr\u00e9ation du ch\u00e2teau et des jardins de Versailles, le parrainage et le m\u00e9c\u00e9nat d&#8217;artistes et compositeurs tels que Jean-Baptiste de Lully, Moli\u00e8re et Hyacinthe Rigaud, ainsi que la fondation de l&#8217;Acad\u00e9mie fran\u00e7aise des sciences, entre autres.<\/p>\n","protected":false},"excerpt":{"rendered":"<p>Louis XIV, \u00e9galement connu sous le nom de Louis le Grand ou le Roi Soleil, fut roi de France du 14 mai 1643 jusqu&#8217;\u00e0 sa mort en 1715. Son r\u00e8gne<\/p>\n","protected":false},"author":1,"featured_media":10518,"template":"","categoria_ficha":[45],"class_list":["post-10517","ficha","type-ficha","status-publish","has-post-thumbnail","hentry","categoria_ficha-cartes-de-la-france"],"acf":[],"_links":{"self":[{"href":"https:\/\/gifex.com\/fr\/wp-json\/wp\/v2\/ficha\/10517","targetHints":{"allow":["GET"]}}],"collection":[{"href":"https:\/\/gifex.com\/fr\/wp-json\/wp\/v2\/ficha"}],"about":[{"href":"https:\/\/gifex.com\/fr\/wp-json\/wp\/v2\/types\/ficha"}],"author":[{"embeddable":true,"href":"https:\/\/gifex.com\/fr\/wp-json\/wp\/v2\/users\/1"}],"version-history":[{"count":12,"href":"https:\/\/gifex.com\/fr\/wp-json\/wp\/v2\/ficha\/10517\/revisions"}],"predecessor-version":[{"id":37070,"href":"https:\/\/gifex.com\/fr\/wp-json\/wp\/v2\/ficha\/10517\/revisions\/37070"}],"wp:featuredmedia":[{"embeddable":true,"href":"https:\/\/gifex.com\/fr\/wp-json\/wp\/v2\/media\/10518"}],"wp:attachment":[{"href":"https:\/\/gifex.com\/fr\/wp-json\/wp\/v2\/media?parent=10517"}],"wp:term":[{"taxonomy":"categoria_ficha","embeddable":true,"href":"https:\/\/gifex.com\/fr\/wp-json\/wp\/v2\/categoria_ficha?post=10517"}],"curies":[{"name":"wp","href":"https:\/\/api.w.org\/{rel}","templated":true}]}}