{"id":10501,"date":"2022-04-14T23:49:00","date_gmt":"2022-04-14T23:49:00","guid":{"rendered":"https:\/\/gifex.com\/fr\/?post_type=ficha&#038;p=10501"},"modified":"2023-03-24T16:03:49","modified_gmt":"2023-03-24T16:03:49","slug":"charles-de-gaulle","status":"publish","type":"ficha","link":"https:\/\/gifex.com\/fr\/fichier\/charles-de-gaulle\/","title":{"rendered":"Charles de Gaulle"},"content":{"rendered":"<figure id=\"attachment_10509\" aria-describedby=\"caption-attachment-10509\" style=\"width: 360px\" class=\"wp-caption alignright\"><a href=\"https:\/\/gifex.com\/fr\/wp-content\/uploads\/10501\/Parents-de-De-Gaulle-Jeanne-Maillot-et-Henri-de-Gaulle-circa-1890.jpg\" target=\"_blank\" rel=\"noopener\"><img fetchpriority=\"high\" decoding=\"async\" class=\"wp-image-10509\" style=\"width: 100%; max-width: 360px; height: auto;\" title=\"Parents de De Gaulle : Jeanne Maillot et Henri de Gaulle.\" src=\"https:\/\/gifex.com\/fr\/wp-content\/uploads\/10501\/Parents-de-De-Gaulle-Jeanne-Maillot-et-Henri-de-Gaulle-circa-1890-300x196.jpg\" alt=\"Parents de De Gaulle : Jeanne Maillot et Henri de Gaulle.\" width=\"360\" height=\"236\" srcset=\"https:\/\/gifex.com\/fr\/wp-content\/uploads\/10501\/Parents-de-De-Gaulle-Jeanne-Maillot-et-Henri-de-Gaulle-circa-1890-300x196.jpg 300w, https:\/\/gifex.com\/fr\/wp-content\/uploads\/10501\/Parents-de-De-Gaulle-Jeanne-Maillot-et-Henri-de-Gaulle-circa-1890.jpg 582w\" sizes=\"(max-width: 360px) 100vw, 360px\" \/><\/a><figcaption id=\"caption-attachment-10509\" class=\"wp-caption-text\"><label style=\"font-size: 15px;\">Parents de De Gaulle : Jeanne Maillot et Henri de Gaulle.<\/label><\/figcaption><\/figure>\n<p>Charles Andr\u00e9 Joseph Marie de Gaulle (22 novembre 1890 &#8211; 9 novembre 1970) \u00e9tait un officier de l&#8217;arm\u00e9e fran\u00e7aise et homme d&#8217;\u00c9tat qui a dirig\u00e9 la France libre contre l&#8217;Allemagne nazie pendant la Seconde Guerre mondiale et a pr\u00e9sid\u00e9 le gouvernement provisoire de la R\u00e9publique fran\u00e7aise de 1944 \u00e0 1946 afin de restaurer d\u00e9mocratie en France. En 1958, il sort de sa retraite lorsqu&#8217;il est nomm\u00e9 pr\u00e9sident du Conseil des ministres (Premier ministre) par le pr\u00e9sident Ren\u00e9 Coty. Il a r\u00e9\u00e9crit la Constitution de la France et a fond\u00e9 la Ve R\u00e9publique apr\u00e8s approbation par r\u00e9f\u00e9rendum. Il a \u00e9t\u00e9 \u00e9lu pr\u00e9sident de la France plus tard cette ann\u00e9e-l\u00e0, poste auquel il a \u00e9t\u00e9 r\u00e9\u00e9lu en 1965 et occup\u00e9 jusqu&#8217;\u00e0 sa d\u00e9mission en 1969.<\/p>\n<figure id=\"attachment_10512\" aria-describedby=\"caption-attachment-10512\" style=\"width: 360px\" class=\"wp-caption alignright\"><a href=\"https:\/\/gifex.com\/fr\/wp-content\/uploads\/10501\/Le-general-de-Gaulle-s-exprimant-sur-BBC-Radio-pendant-la-seconde-guerre-mondiale.jpg\" target=\"_blank\" rel=\"noopener\"><img decoding=\"async\" class=\"wp-image-10512\" style=\"width: 100%; max-width: 360px; height: auto;\" title=\"Le g\u00e9n\u00e9ral de Gaulle s'exprimant sur BBC Radio pendant la seconde guerre mondiale.\" src=\"https:\/\/gifex.com\/fr\/wp-content\/uploads\/10501\/Le-general-de-Gaulle-s-exprimant-sur-BBC-Radio-pendant-la-seconde-guerre-mondiale-300x240.jpg\" alt=\"Le g\u00e9n\u00e9ral de Gaulle s'exprimant sur BBC Radio pendant la seconde guerre mondiale.\" width=\"360\" height=\"287\" srcset=\"https:\/\/gifex.com\/fr\/wp-content\/uploads\/10501\/Le-general-de-Gaulle-s-exprimant-sur-BBC-Radio-pendant-la-seconde-guerre-mondiale-300x240.jpg 300w, https:\/\/gifex.com\/fr\/wp-content\/uploads\/10501\/Le-general-de-Gaulle-s-exprimant-sur-BBC-Radio-pendant-la-seconde-guerre-mondiale.jpg 700w\" sizes=\"(max-width: 360px) 100vw, 360px\" \/><\/a><figcaption id=\"caption-attachment-10512\" class=\"wp-caption-text\"><label style=\"font-size: 15px;\">Le g\u00e9n\u00e9ral de Gaulle s&#8217;exprimant sur BBC Radio pendant la seconde guerre mondiale.<\/label><\/figcaption><\/figure>\n<p>N\u00e9 \u00e0 Lille, il est dipl\u00f4m\u00e9 de Saint-Cyr en 1912. Officier d\u00e9cor\u00e9 de la Premi\u00e8re Guerre mondiale, plusieurs fois bless\u00e9 puis fait prisonnier \u00e0 Verdun. Pendant l&#8217;entre-deux-guerres, il pr\u00f4ne les divisions blind\u00e9es mobiles. Lors de l&#8217;invasion allemande de mai 1940, il dirige une division blind\u00e9e qui contre-attaque les envahisseurs ; il est alors nomm\u00e9 sous-secr\u00e9taire \u00e0 la guerre. Refusant d&#8217;accepter l&#8217;armistice de son gouvernement avec l&#8217;Allemagne, de Gaulle s&#8217;enfuit en Angleterre et exhorta les Fran\u00e7ais \u00e0 r\u00e9sister \u00e0 l&#8217;occupation et \u00e0 poursuivre le combat dans son Appel du 18 juin. Il a dirig\u00e9 les Forces fran\u00e7aises libres et a ensuite dirig\u00e9 le Comit\u00e9 fran\u00e7ais de lib\u00e9ration nationale contre l&#8217;Axe. Malgr\u00e9 des relations glaciales avec les \u00c9tats-Unis, il b\u00e9n\u00e9ficie g\u00e9n\u00e9ralement du soutien de Winston Churchill et s&#8217;impose comme le leader incontest\u00e9 de la France Libre. Il est devenu chef du gouvernement provisoire de la R\u00e9publique fran\u00e7aise en juin 1944, le gouvernement int\u00e9rimaire de la France apr\u00e8s sa lib\u00e9ration. D\u00e8s 1944, de Gaulle a introduit une politique \u00e9conomique dirigiste, qui comprenait un contr\u00f4le \u00e9tatique substantiel sur une \u00e9conomie capitaliste, suivi de 30 ans de croissance sans pr\u00e9c\u00e9dent, connus sous le nom de Trente Glorieuses. Frustr\u00e9 par le retour de la partisanerie mesquine dans la nouvelle Quatri\u00e8me R\u00e9publique, il d\u00e9missionne au d\u00e9but de 1946 mais continue \u00e0 \u00eatre politiquement actif en tant que fondateur du Rassemblement du Peuple Fran\u00e7ais (RPF). Il prend sa retraite au d\u00e9but des ann\u00e9es 1950 et r\u00e9dige ses M\u00e9moires de guerre, qui deviennent rapidement un incontournable de la litt\u00e9rature fran\u00e7aise moderne.<\/p>\n<figure id=\"attachment_10514\" aria-describedby=\"caption-attachment-10514\" style=\"width: 360px\" class=\"wp-caption alignright\"><a href=\"https:\/\/gifex.com\/fr\/wp-content\/uploads\/10501\/Le-cortege-de-Charles-de-Gaulle-passe-par-les-Isles-sur-Suippe-Marne-le-president-salue-la-foule-depuis-sa-celebre-Citroen-DS-en-1963.jpg\" target=\"_blank\" rel=\"noopener\"><img decoding=\"async\" class=\"wp-image-10514\" style=\"width: 100%; max-width: 360px; height: auto;\" title=\"Le cort\u00e8ge de Charles de Gaulle passe par les Isles-sur-Suippe (Marne)\" src=\"https:\/\/gifex.com\/fr\/wp-content\/uploads\/10501\/Le-cortege-de-Charles-de-Gaulle-passe-par-les-Isles-sur-Suippe-Marne-le-president-salue-la-foule-depuis-sa-celebre-Citroen-DS-en-1963-300x218.jpg\" alt=\"Le cort\u00e8ge de Charles de Gaulle passe par les Isles-sur-Suippe (Marne)\" width=\"360\" height=\"262\" srcset=\"https:\/\/gifex.com\/fr\/wp-content\/uploads\/10501\/Le-cortege-de-Charles-de-Gaulle-passe-par-les-Isles-sur-Suippe-Marne-le-president-salue-la-foule-depuis-sa-celebre-Citroen-DS-en-1963-300x218.jpg 300w, https:\/\/gifex.com\/fr\/wp-content\/uploads\/10501\/Le-cortege-de-Charles-de-Gaulle-passe-par-les-Isles-sur-Suippe-Marne-le-president-salue-la-foule-depuis-sa-celebre-Citroen-DS-en-1963-1024x745.jpg 1024w, https:\/\/gifex.com\/fr\/wp-content\/uploads\/10501\/Le-cortege-de-Charles-de-Gaulle-passe-par-les-Isles-sur-Suippe-Marne-le-president-salue-la-foule-depuis-sa-celebre-Citroen-DS-en-1963-768x559.jpg 768w, https:\/\/gifex.com\/fr\/wp-content\/uploads\/10501\/Le-cortege-de-Charles-de-Gaulle-passe-par-les-Isles-sur-Suippe-Marne-le-president-salue-la-foule-depuis-sa-celebre-Citroen-DS-en-1963-1536x1118.jpg 1536w, https:\/\/gifex.com\/fr\/wp-content\/uploads\/10501\/Le-cortege-de-Charles-de-Gaulle-passe-par-les-Isles-sur-Suippe-Marne-le-president-salue-la-foule-depuis-sa-celebre-Citroen-DS-en-1963-2048x1490.jpg 2048w, https:\/\/gifex.com\/fr\/wp-content\/uploads\/10501\/Le-cortege-de-Charles-de-Gaulle-passe-par-les-Isles-sur-Suippe-Marne-le-president-salue-la-foule-depuis-sa-celebre-Citroen-DS-en-1963-1600x1164.jpg 1600w\" sizes=\"(max-width: 360px) 100vw, 360px\" \/><\/a><figcaption id=\"caption-attachment-10514\" class=\"wp-caption-text\"><label style=\"font-size: 15px;\">Le cort\u00e8ge de Charles de Gaulle passe par les Isles-sur-Suippe (Marne), le pr\u00e9sident salue la foule depuis sa c\u00e9l\u00e8bre Citro\u00ebn DS en 1963.<\/label><\/figcaption><\/figure>\n<p>Alors que la guerre d&#8217;Alg\u00e9rie d\u00e9chire l&#8217;instable IVe R\u00e9publique, l&#8217;Assembl\u00e9e nationale le ram\u00e8ne au pouvoir lors de la crise de mai 1958. Il a fond\u00e9 la Cinqui\u00e8me R\u00e9publique avec une pr\u00e9sidence forte, et il a \u00e9t\u00e9 \u00e9lu pour continuer dans ce r\u00f4le. Il a r\u00e9ussi \u00e0 garder la France unie tout en prenant des mesures pour mettre fin \u00e0 la guerre, \u00e0 la grande col\u00e8re des Pieds-Noirs (fran\u00e7ais de souche n\u00e9 en Alg\u00e9rie) et des forces arm\u00e9es; les deux avaient auparavant soutenu son retour au pouvoir pour maintenir la domination coloniale. Il accorde l&#8217;ind\u00e9pendance \u00e0 l&#8217;Alg\u00e9rie et agit progressivement vers les autres colonies fran\u00e7aises. Dans le contexte de la guerre froide, de Gaulle a lanc\u00e9 sa \u00abpolitique de grandeur\u00bb, affirmant que la France, en tant que grande puissance, ne devrait pas compter sur d&#8217;autres pays, comme les \u00c9tats-Unis, pour sa s\u00e9curit\u00e9 nationale et sa prosp\u00e9rit\u00e9. \u00c0 cette fin, il poursuit une politique d&#8217;\u00ab ind\u00e9pendance nationale \u00bb qui le conduit \u00e0 se retirer du commandement militaire int\u00e9gr\u00e9 de l&#8217;OTAN et \u00e0 lancer une force de frappe nucl\u00e9aire ind\u00e9pendante qui fait de la France la cinqui\u00e8me puissance nucl\u00e9aire mondiale. Il r\u00e9tablit des relations cordiales franco-allemandes pour cr\u00e9er un contrepoids europ\u00e9en entre les sph\u00e8res d&#8217;influence anglo-am\u00e9ricaine et sovi\u00e9tique par la signature du trait\u00e9 de l&#8217;\u00c9lys\u00e9e le 22 janvier 1963.<\/p>\n<figure id=\"attachment_10515\" aria-describedby=\"caption-attachment-10515\" style=\"width: 360px\" class=\"wp-caption alignright\"><a href=\"https:\/\/gifex.com\/fr\/wp-content\/uploads\/10501\/Le-sous-marin-nucleaire-lanceur-d-engins-Le-Redoutable.jpg\" target=\"_blank\" rel=\"noopener\"><img loading=\"lazy\" decoding=\"async\" class=\"wp-image-10515\" style=\"width: 100%; max-width: 360px; height: auto;\" title=\"Le sous-marin nucl\u00e9aire lanceur d'engins (SNLE) Le Redoutable.\" src=\"https:\/\/gifex.com\/fr\/wp-content\/uploads\/10501\/Le-sous-marin-nucleaire-lanceur-d-engins-Le-Redoutable-300x163.jpg\" alt=\"Le sous-marin nucl\u00e9aire lanceur d'engins (SNLE) Le Redoutable.\" width=\"360\" height=\"195\" srcset=\"https:\/\/gifex.com\/fr\/wp-content\/uploads\/10501\/Le-sous-marin-nucleaire-lanceur-d-engins-Le-Redoutable-300x163.jpg 300w, https:\/\/gifex.com\/fr\/wp-content\/uploads\/10501\/Le-sous-marin-nucleaire-lanceur-d-engins-Le-Redoutable.jpg 748w\" sizes=\"(max-width: 360px) 100vw, 360px\" \/><\/a><figcaption id=\"caption-attachment-10515\" class=\"wp-caption-text\"><label style=\"font-size: 15px;\">Le sous-marin nucl\u00e9aire lanceur d&#8217;engins (SNLE) Le Redoutable est le premier sous-marin de ce type construit par la France. Sa construction a d\u00e9but\u00e9 en 1964.<\/label><\/figcaption><\/figure>\n<p>Cependant, il s&#8217;oppose \u00e0 tout d\u00e9veloppement d&#8217;une Europe supranationale, favorisant l&#8217;Europe en tant que continent de nations souveraines. De Gaulle a ouvertement critiqu\u00e9 l&#8217;intervention am\u00e9ricaine au Vietnam et le \u00ab privil\u00e8ge exorbitant \u00bb du dollar am\u00e9ricain. Dans ses derni\u00e8res ann\u00e9es, son appui au slogan \u00ab <em>Vive le Qu\u00e9bec libre<\/em> \u00bb et ses deux veto \u00e0 l&#8217;entr\u00e9e de la Grande-Bretagne dans la Communaut\u00e9 \u00e9conomique europ\u00e9enne ont suscit\u00e9 une controverse consid\u00e9rable en Am\u00e9rique du Nord et en Europe. Bien que r\u00e9\u00e9lu \u00e0 la pr\u00e9sidence en 1965, il fit face \u00e0 de nombreuses protestations d&#8217;\u00e9tudiants et de travailleurs en mai 1968, mais b\u00e9n\u00e9ficia du soutien de l&#8217;arm\u00e9e et remporta une \u00e9lection avec une majorit\u00e9 accrue \u00e0 l&#8217;Assembl\u00e9e nationale. De Gaulle a d\u00e9missionn\u00e9 en 1969 apr\u00e8s avoir perdu un r\u00e9f\u00e9rendum dans lequel il proposait plus de d\u00e9centralisation. Il d\u00e9c\u00e8de un an plus tard dans sa r\u00e9sidence de Colombey-les-Deux-\u00c9glises, laissant ses m\u00e9moires pr\u00e9sidentielles inachev\u00e9es.<\/p>\n<p>De nombreux partis politiques et dirigeants fran\u00e7ais revendiquent un h\u00e9ritage gaulliste ; de nombreuses rues et monuments de France ont \u00e9t\u00e9 d\u00e9di\u00e9s \u00e0 sa m\u00e9moire apr\u00e8s sa mort.<\/p>\n","protected":false},"excerpt":{"rendered":"<p>Charles Andr\u00e9 Joseph Marie de Gaulle, officier de l&#8217;arm\u00e9e fran\u00e7aise et homme d&#8217;\u00c9tat qui a dirig\u00e9 la France libre contre l&#8217;Allemagne nazie pendant la Seconde Guerre mondiale et a pr\u00e9sid\u00e9 le<\/p>\n","protected":false},"author":1,"featured_media":10508,"template":"","categoria_ficha":[45],"class_list":["post-10501","ficha","type-ficha","status-publish","has-post-thumbnail","hentry","categoria_ficha-cartes-de-la-france"],"acf":[],"_links":{"self":[{"href":"https:\/\/gifex.com\/fr\/wp-json\/wp\/v2\/ficha\/10501","targetHints":{"allow":["GET"]}}],"collection":[{"href":"https:\/\/gifex.com\/fr\/wp-json\/wp\/v2\/ficha"}],"about":[{"href":"https:\/\/gifex.com\/fr\/wp-json\/wp\/v2\/types\/ficha"}],"author":[{"embeddable":true,"href":"https:\/\/gifex.com\/fr\/wp-json\/wp\/v2\/users\/1"}],"version-history":[{"count":12,"href":"https:\/\/gifex.com\/fr\/wp-json\/wp\/v2\/ficha\/10501\/revisions"}],"predecessor-version":[{"id":36266,"href":"https:\/\/gifex.com\/fr\/wp-json\/wp\/v2\/ficha\/10501\/revisions\/36266"}],"wp:featuredmedia":[{"embeddable":true,"href":"https:\/\/gifex.com\/fr\/wp-json\/wp\/v2\/media\/10508"}],"wp:attachment":[{"href":"https:\/\/gifex.com\/fr\/wp-json\/wp\/v2\/media?parent=10501"}],"wp:term":[{"taxonomy":"categoria_ficha","embeddable":true,"href":"https:\/\/gifex.com\/fr\/wp-json\/wp\/v2\/categoria_ficha?post=10501"}],"curies":[{"name":"wp","href":"https:\/\/api.w.org\/{rel}","templated":true}]}}