{"id":10416,"date":"2022-04-14T01:13:47","date_gmt":"2022-04-14T01:13:47","guid":{"rendered":"https:\/\/gifex.com\/fr\/?post_type=ficha&#038;p=10416"},"modified":"2022-08-14T20:55:56","modified_gmt":"2022-08-14T20:55:56","slug":"quelles-sont-les-intercommunalites-de-la-reunion","status":"publish","type":"ficha","link":"https:\/\/gifex.com\/fr\/fichier\/quelles-sont-les-intercommunalites-de-la-reunion\/","title":{"rendered":"Quelles sont les intercommunalit\u00e9s de La R\u00e9union ?"},"content":{"rendered":"<p style=\"text-align: center;\"><label style=\"font-size: 15px;\">Carte des intercommunalit\u00e9s de La R\u00e9union<\/label><\/p>\n<p>Depuis le 1er janvier 2017, le d\u00e9partement de La R\u00e9union est couvert par 5 \u00e9tablissements publics de coop\u00e9ration intercommunale : tous sont des communaut\u00e9s d&#8217;agglom\u00e9ration.<\/p>\n<div class=\"boxscrl\">\n<table width=\"467\">\n<tbody>\n<tr>\n<td width=\"212\">Intercommunalit\u00e9<\/td>\n<td width=\"63\">Communes<\/td>\n<td width=\"66\">Pop. 2019<\/td>\n<td width=\"62\">Sup. Km\u00b2<\/td>\n<td width=\"64\">hab.\/km\u00b2<\/td>\n<\/tr>\n<tr>\n<td width=\"212\">Nord de La R\u00e9union (CINOR)<\/td>\n<td width=\"63\">3-mar<\/td>\n<td width=\"66\">211\u00a0936<\/td>\n<td width=\"62\">287.98<\/td>\n<td width=\"64\">736<\/td>\n<\/tr>\n<tr>\n<td width=\"212\">La R\u00e9union Est (CIREST)<\/td>\n<td width=\"63\">6-jun<\/td>\n<td width=\"66\">127 102<\/td>\n<td width=\"62\">736.41<\/td>\n<td width=\"64\">173<\/td>\n<\/tr>\n<tr>\n<td width=\"212\">Sud (CA Sud)<\/td>\n<td width=\"63\">4-abr<\/td>\n<td width=\"66\">129 867<\/td>\n<td width=\"62\">564.71<\/td>\n<td width=\"64\">230<\/td>\n<\/tr>\n<tr>\n<td width=\"212\">Territoire de la C\u00f4te Ouest (TCO)<\/td>\n<td width=\"63\">5-ene<\/td>\n<td width=\"66\">210 771<\/td>\n<td width=\"62\">535.94<\/td>\n<td width=\"64\">393<\/td>\n<\/tr>\n<tr>\n<td width=\"212\">Villes solidaires (CIVIS)<\/td>\n<td width=\"63\">6-jun<\/td>\n<td width=\"66\">181 534<\/td>\n<td width=\"62\">378.04<\/td>\n<td width=\"64\">480<\/td>\n<\/tr>\n<\/tbody>\n<\/table>\n<\/div>\n<p>&nbsp;<\/p>\n<ul>\n<li>CASUD:\u00a0<i>Communaut\u00e9 d&#8217;agglom\u00e9ration du Sud<\/i>, cr\u00e9\u00e9e en 2010.<\/li>\n<li>CINOR:\u00a0<i>Communaut\u00e9 intercommunale du Nord de La R\u00e9union<\/i>, cr\u00e9\u00e9e en 2001.<\/li>\n<li>CIREST:\u00a0<i>Communaut\u00e9 intercommunale R\u00e9union Est<\/i>, cr\u00e9\u00e9e en 2002.<\/li>\n<li>CIVIS:\u00a0<i>Communaut\u00e9 intercommunale des Villes solidaires<\/i>, cr\u00e9\u00e9e en 2003.<\/li>\n<li>TCO:\u00a0<i>Territoire de la C\u00f4te Ouest<\/i>, cr\u00e9\u00e9e en 2002.<\/li>\n<\/ul>\n","protected":false},"excerpt":{"rendered":"<p>Carte des intercommunalit\u00e9s de La R\u00e9union Depuis le 1er janvier 2017, le d\u00e9partement de La R\u00e9union est couvert par 5 \u00e9tablissements publics de coop\u00e9ration intercommunale : tous sont des communaut\u00e9s d&#8217;agglom\u00e9ration. Intercommunalit\u00e9 Communes Pop. 2019 Sup. Km\u00b2 hab.\/km\u00b2 Nord de La R\u00e9union (CINOR) 3-mar 211\u00a0936 287.98 736 La R\u00e9union Est (CIREST) 6-jun 127 102 736.41 [&hellip;]<\/p>\n","protected":false},"author":1,"featured_media":10417,"template":"","categoria_ficha":[249],"class_list":["post-10416","ficha","type-ficha","status-publish","has-post-thumbnail","hentry","categoria_ficha-cartes-de-la-reunion"],"acf":[],"_links":{"self":[{"href":"https:\/\/gifex.com\/fr\/wp-json\/wp\/v2\/ficha\/10416","targetHints":{"allow":["GET"]}}],"collection":[{"href":"https:\/\/gifex.com\/fr\/wp-json\/wp\/v2\/ficha"}],"about":[{"href":"https:\/\/gifex.com\/fr\/wp-json\/wp\/v2\/types\/ficha"}],"author":[{"embeddable":true,"href":"https:\/\/gifex.com\/fr\/wp-json\/wp\/v2\/users\/1"}],"version-history":[{"count":10,"href":"https:\/\/gifex.com\/fr\/wp-json\/wp\/v2\/ficha\/10416\/revisions"}],"predecessor-version":[{"id":21033,"href":"https:\/\/gifex.com\/fr\/wp-json\/wp\/v2\/ficha\/10416\/revisions\/21033"}],"wp:featuredmedia":[{"embeddable":true,"href":"https:\/\/gifex.com\/fr\/wp-json\/wp\/v2\/media\/10417"}],"wp:attachment":[{"href":"https:\/\/gifex.com\/fr\/wp-json\/wp\/v2\/media?parent=10416"}],"wp:term":[{"taxonomy":"categoria_ficha","embeddable":true,"href":"https:\/\/gifex.com\/fr\/wp-json\/wp\/v2\/categoria_ficha?post=10416"}],"curies":[{"name":"wp","href":"https:\/\/api.w.org\/{rel}","templated":true}]}}