{"id":10363,"date":"2022-04-13T19:57:52","date_gmt":"2022-04-13T19:57:52","guid":{"rendered":"https:\/\/gifex.com\/fr\/?post_type=ficha&#038;p=10363"},"modified":"2022-08-14T16:05:56","modified_gmt":"2022-08-14T16:05:56","slug":"carte-climatique-de-la-reunion","status":"publish","type":"ficha","link":"https:\/\/gifex.com\/fr\/fichier\/carte-climatique-de-la-reunion\/","title":{"rendered":"Carte climatique de La R\u00e9union"},"content":{"rendered":"<p style=\"text-align: center;\"><label style=\"font-size: 15px;\">Carte de classification climatique de K\u00f6ppen de La R\u00e9union<\/label><\/p>\n<figure id=\"attachment_10365\" aria-describedby=\"caption-attachment-10365\" style=\"width: 360px\" class=\"wp-caption alignright\"><a href=\"https:\/\/gifex.com\/fr\/wp-content\/uploads\/10363\/Carte-schematique-de-la-cote-au-vent-et-de-la-cote-sous-le-vent-de-l-ile-de-La-Reunion.jpg\" target=\"_blank\" rel=\"noopener\"><img fetchpriority=\"high\" decoding=\"async\" class=\"wp-image-10365\" style=\"width: 100%; max-width: 360px; height: auto;\" title=\"Carte sch\u00e9matique de la c\u00f4te au vent et de la c\u00f4te sous le vent de l'\u00eele de La R\u00e9union.\" src=\"https:\/\/gifex.com\/fr\/wp-content\/uploads\/10363\/Carte-schematique-de-la-cote-au-vent-et-de-la-cote-sous-le-vent-de-l-ile-de-La-Reunion-300x256.jpg\" alt=\"Carte sch\u00e9matique de la c\u00f4te au vent et de la c\u00f4te sous le vent de l'\u00eele de La R\u00e9union.\" width=\"360\" height=\"307\" srcset=\"https:\/\/gifex.com\/fr\/wp-content\/uploads\/10363\/Carte-schematique-de-la-cote-au-vent-et-de-la-cote-sous-le-vent-de-l-ile-de-La-Reunion-300x256.jpg 300w, https:\/\/gifex.com\/fr\/wp-content\/uploads\/10363\/Carte-schematique-de-la-cote-au-vent-et-de-la-cote-sous-le-vent-de-l-ile-de-La-Reunion.jpg 407w\" sizes=\"(max-width: 360px) 100vw, 360px\" \/><\/a><figcaption id=\"caption-attachment-10365\" class=\"wp-caption-text\"><label style=\"font-size: 15px;\">Carte sch\u00e9matique de la c\u00f4te au vent et de la c\u00f4te sous le vent de l&#8217;\u00eele de La R\u00e9union.<\/label><\/figcaption><\/figure>\n<p>L&#8217;\u00eele de La R\u00e9union se caract\u00e9rise par un climat tropical humide, temp\u00e9r\u00e9 par l&#8217;influence oc\u00e9anique des aliz\u00e9s soufflant d&#8217;est en ouest. Le climat de La R\u00e9union se caract\u00e9rise par sa grande variabilit\u00e9, principalement due au relief imposant de l&#8217;\u00eele, qui est \u00e0 l&#8217;origine de nombreux microclimats.<\/p>\n<p>En cons\u00e9quence, il existe de fortes disparit\u00e9s de pr\u00e9cipitations entre la C\u00f4te-au-vent (ou Capesterre) \u00e0 l&#8217;est et la C\u00f4te-sous-le-vent \u00e0 l&#8217;ouest, et de temp\u00e9rature entre les zones c\u00f4ti\u00e8res plus chaudes et les zones montagneuses relativement plus fra\u00eeches.<\/p>\n<p>\u00c0 La R\u00e9union, il existe deux saisons distinctes, d\u00e9finies par le r\u00e9gime des pluies :<\/p>\n<figure id=\"attachment_10367\" aria-describedby=\"caption-attachment-10367\" style=\"width: 360px\" class=\"wp-caption alignright\"><a href=\"https:\/\/gifex.com\/fr\/wp-content\/uploads\/10363\/Carte-des-temperatures-annuelles-moyennes-sur-l-ile-de-La-Reunion-2014.png\" target=\"_blank\" rel=\"noopener\"><img decoding=\"async\" class=\"wp-image-10367\" style=\"width: 100%; max-width: 360px; height: auto;\" title=\"Carte des temp\u00e9ratures annuelles moyennes sur l'\u00eele de La R\u00e9union.\" src=\"https:\/\/gifex.com\/fr\/wp-content\/uploads\/10363\/Carte-des-temperatures-annuelles-moyennes-sur-l-ile-de-La-Reunion-2014-300x300.png\" alt=\"Carte des temp\u00e9ratures annuelles moyennes sur l'\u00eele de La R\u00e9union.\" width=\"360\" height=\"360\" srcset=\"https:\/\/gifex.com\/fr\/wp-content\/uploads\/10363\/Carte-des-temperatures-annuelles-moyennes-sur-l-ile-de-La-Reunion-2014-300x300.png 300w, https:\/\/gifex.com\/fr\/wp-content\/uploads\/10363\/Carte-des-temperatures-annuelles-moyennes-sur-l-ile-de-La-Reunion-2014-1024x1024.png 1024w, https:\/\/gifex.com\/fr\/wp-content\/uploads\/10363\/Carte-des-temperatures-annuelles-moyennes-sur-l-ile-de-La-Reunion-2014-150x150.png 150w, https:\/\/gifex.com\/fr\/wp-content\/uploads\/10363\/Carte-des-temperatures-annuelles-moyennes-sur-l-ile-de-La-Reunion-2014-768x768.png 768w, https:\/\/gifex.com\/fr\/wp-content\/uploads\/10363\/Carte-des-temperatures-annuelles-moyennes-sur-l-ile-de-La-Reunion-2014-1536x1536.png 1536w, https:\/\/gifex.com\/fr\/wp-content\/uploads\/10363\/Carte-des-temperatures-annuelles-moyennes-sur-l-ile-de-La-Reunion-2014-2048x2048.png 2048w, https:\/\/gifex.com\/fr\/wp-content\/uploads\/10363\/Carte-des-temperatures-annuelles-moyennes-sur-l-ile-de-La-Reunion-2014-1600x1600.png 1600w\" sizes=\"(max-width: 360px) 100vw, 360px\" \/><\/a><figcaption id=\"caption-attachment-10367\" class=\"wp-caption-text\"><label style=\"font-size: 15px;\">Carte des temp\u00e9ratures annuelles moyennes sur l&#8217;\u00eele de La R\u00e9union selon les donn\u00e9es de M\u00e9t\u00e9o-France.<\/label><\/figcaption><\/figure>\n<ul>\n<li>une saison des pluies de janvier \u00e0 mars, durant laquelle tombe la majeure partie de la pluie de l&#8217;ann\u00e9e ;<\/li>\n<li>une saison s\u00e8che de mai \u00e0 novembre. Cependant, dans la partie orientale et dans les contreforts du volcan, les pr\u00e9cipitations peuvent \u00eatre importantes m\u00eame en saison s\u00e8che ;<\/li>\n<\/ul>\n<p>Avril et d\u00e9cembre sont des mois de transition, parfois tr\u00e8s pluvieux mais aussi tr\u00e8s secs.<\/p>\n<p>La\u00a0Pointe des Trois Bassins, situ\u00e9e sur le littoral de la commune de\u00a0Trois-Bassins (Ouest), est la station la plus s\u00e8che avec une hauteur annuelle normale de pr\u00e9cipitations de 447,7 mm, tandis que Le Baril \u00e0 Saint-Philippe (Sud-Est) est la station c\u00f4ti\u00e8re la plus arros\u00e9e avec une hauteur normale annuelle de 4 256,2 mm. Cependant, le poste le plus arros\u00e9 est celui des hauts de Sainte-Rose avec une moyenne annuelle de pr\u00e9cipitation atteignant pr\u00e8s de 11 000 mm, ce qui en fait l&#8217;un des endroits les plus pluvieux du monde.<\/p>\n<p>Cependant, l&#8217;endroit le plus humide se trouve sur les hauts plateaux de Sainte-Rose, avec une pluviom\u00e9trie annuelle moyenne de pr\u00e8s de 11 000 mm, ce qui en fait l&#8217;un des endroits les plus humides au monde.<\/p>\n<figure id=\"attachment_10369\" aria-describedby=\"caption-attachment-10369\" style=\"width: 360px\" class=\"wp-caption alignright\"><a href=\"https:\/\/gifex.com\/fr\/wp-content\/uploads\/10363\/Carte-de-repartition-des-pluies-sur-l-ile-francaise-de-La-Reunion-2014.png\" target=\"_blank\" rel=\"noopener\"><img decoding=\"async\" class=\"wp-image-10369\" style=\"width: 100%; max-width: 360px; height: auto;\" title=\"Carte pluviom\u00e9trique pour pour La R\u00e9union.\" src=\"https:\/\/gifex.com\/fr\/wp-content\/uploads\/10363\/Carte-de-repartition-des-pluies-sur-l-ile-francaise-de-La-Reunion-2014-300x300.png\" alt=\"Carte pluviom\u00e9trique pour pour La R\u00e9union.\" width=\"360\" height=\"360\" srcset=\"https:\/\/gifex.com\/fr\/wp-content\/uploads\/10363\/Carte-de-repartition-des-pluies-sur-l-ile-francaise-de-La-Reunion-2014-300x300.png 300w, https:\/\/gifex.com\/fr\/wp-content\/uploads\/10363\/Carte-de-repartition-des-pluies-sur-l-ile-francaise-de-La-Reunion-2014-1024x1024.png 1024w, https:\/\/gifex.com\/fr\/wp-content\/uploads\/10363\/Carte-de-repartition-des-pluies-sur-l-ile-francaise-de-La-Reunion-2014-150x150.png 150w, https:\/\/gifex.com\/fr\/wp-content\/uploads\/10363\/Carte-de-repartition-des-pluies-sur-l-ile-francaise-de-La-Reunion-2014-768x768.png 768w, https:\/\/gifex.com\/fr\/wp-content\/uploads\/10363\/Carte-de-repartition-des-pluies-sur-l-ile-francaise-de-La-Reunion-2014-1536x1536.png 1536w, https:\/\/gifex.com\/fr\/wp-content\/uploads\/10363\/Carte-de-repartition-des-pluies-sur-l-ile-francaise-de-La-Reunion-2014-2048x2048.png 2048w, https:\/\/gifex.com\/fr\/wp-content\/uploads\/10363\/Carte-de-repartition-des-pluies-sur-l-ile-francaise-de-La-Reunion-2014-1600x1600.png 1600w\" sizes=\"(max-width: 360px) 100vw, 360px\" \/><\/a><figcaption id=\"caption-attachment-10369\" class=\"wp-caption-text\"><label style=\"font-size: 15px;\">Carte pluviom\u00e9trique pour La R\u00e9union.<\/label><\/figcaption><\/figure>\n<p>Les temp\u00e9ratures \u00e0 La R\u00e9union se caract\u00e9risent par leur grande douceur tout au long de l&#8217;ann\u00e9e. En effet, l&#8217;amplitude thermique d&#8217;une saison \u00e0 l&#8217;autre est relativement faible (d\u00e9passant rarement 10\u00b0C ou 18\u00b0F), bien qu&#8217;elle soit perceptible :<\/p>\n<ul>\n<li>En saison chaude (novembre \u00e0 avril) : les minimales moyennes varient g\u00e9n\u00e9ralement entre 21 et 24 \u00b0C, et les maximales moyennes entre 28 et 31 \u00b0C, sur la c\u00f4te. A 1 000 m, les minima moyens oscillent entre 10 et 14 \u00b0C et les maxima moyens entre 21 et 24 \u00b0C ;<\/li>\n<li>En saison froide (mai \u00e0 octobre) : les temp\u00e9ratures au niveau de la mer varient de 17 \u00e0 20 \u00b0C pour les minimales moyennes et de 26 \u00e0 28 \u00b0C pour les maximales moyennes. \u00c0 1 000 m, les minima moyens varient de 8 \u00e0 10 \u00b0C et les maxima moyens de 17 \u00e0 21 \u00b0C.<\/li>\n<\/ul>\n<p>Dans les villes de montagne, comme Cilaos ou La Plaine-des-Palmistes, les temp\u00e9ratures moyennes oscillent entre 12 et 22 \u00b0C. Les parties les plus hautes de l&#8217;habitat et les espaces naturels en altitude peuvent subir quelques gel\u00e9es hivernales. De la neige a m\u00eame \u00e9t\u00e9 observ\u00e9e sur le Piton des Neiges et le Piton de la Fournaise en 2003 et 2006.<\/p>\n","protected":false},"excerpt":{"rendered":"<p>Classification climatique de K\u00f6ppen de La R\u00e9union. L&#8217;\u00eele de La R\u00e9union se caract\u00e9rise par un climat tropical humide, temp\u00e9r\u00e9 par l&#8217;influence oc\u00e9anique<\/p>\n","protected":false},"author":1,"featured_media":10364,"template":"","categoria_ficha":[249],"class_list":["post-10363","ficha","type-ficha","status-publish","has-post-thumbnail","hentry","categoria_ficha-cartes-de-la-reunion"],"acf":[],"_links":{"self":[{"href":"https:\/\/gifex.com\/fr\/wp-json\/wp\/v2\/ficha\/10363","targetHints":{"allow":["GET"]}}],"collection":[{"href":"https:\/\/gifex.com\/fr\/wp-json\/wp\/v2\/ficha"}],"about":[{"href":"https:\/\/gifex.com\/fr\/wp-json\/wp\/v2\/types\/ficha"}],"author":[{"embeddable":true,"href":"https:\/\/gifex.com\/fr\/wp-json\/wp\/v2\/users\/1"}],"version-history":[{"count":10,"href":"https:\/\/gifex.com\/fr\/wp-json\/wp\/v2\/ficha\/10363\/revisions"}],"predecessor-version":[{"id":20982,"href":"https:\/\/gifex.com\/fr\/wp-json\/wp\/v2\/ficha\/10363\/revisions\/20982"}],"wp:featuredmedia":[{"embeddable":true,"href":"https:\/\/gifex.com\/fr\/wp-json\/wp\/v2\/media\/10364"}],"wp:attachment":[{"href":"https:\/\/gifex.com\/fr\/wp-json\/wp\/v2\/media?parent=10363"}],"wp:term":[{"taxonomy":"categoria_ficha","embeddable":true,"href":"https:\/\/gifex.com\/fr\/wp-json\/wp\/v2\/categoria_ficha?post=10363"}],"curies":[{"name":"wp","href":"https:\/\/api.w.org\/{rel}","templated":true}]}}