{"id":10312,"date":"2022-04-12T22:14:08","date_gmt":"2022-04-12T22:14:08","guid":{"rendered":"https:\/\/gifex.com\/fr\/?post_type=ficha&#038;p=10312"},"modified":"2022-08-14T16:15:52","modified_gmt":"2022-08-14T16:15:52","slug":"quelles-sont-les-communes-de-la-martinique","status":"publish","type":"ficha","link":"https:\/\/gifex.com\/fr\/fichier\/quelles-sont-les-communes-de-la-martinique\/","title":{"rendered":"Quelles sont les communes de la Martinique ?"},"content":{"rendered":"<p style=\"text-align: center;\"><label style=\"font-size: 15px;\">Carte des communes de la Martinique<\/label><\/p>\n<figure id=\"attachment_10318\" aria-describedby=\"caption-attachment-10318\" style=\"width: 360px\" class=\"wp-caption alignright\"><a href=\"https:\/\/gifex.com\/fr\/wp-content\/uploads\/10312\/Vue-du-centre-ville-de-Fort-de-France-la-nuit-2019.jpg\" target=\"_blank\" rel=\"noopener\"><img fetchpriority=\"high\" decoding=\"async\" class=\"wp-image-10318\" style=\"width: 100%; max-width: 360px; height: auto;\" title=\"Vue du centre-ville de Fort-de-France la nuit.\" src=\"https:\/\/gifex.com\/fr\/wp-content\/uploads\/10312\/Vue-du-centre-ville-de-Fort-de-France-la-nuit-2019-300x200.jpg\" alt=\"Vue du centre-ville de Fort-de-France la nuit.\" width=\"360\" height=\"240\" srcset=\"https:\/\/gifex.com\/fr\/wp-content\/uploads\/10312\/Vue-du-centre-ville-de-Fort-de-France-la-nuit-2019-300x200.jpg 300w, https:\/\/gifex.com\/fr\/wp-content\/uploads\/10312\/Vue-du-centre-ville-de-Fort-de-France-la-nuit-2019-1024x683.jpg 1024w, https:\/\/gifex.com\/fr\/wp-content\/uploads\/10312\/Vue-du-centre-ville-de-Fort-de-France-la-nuit-2019-768x512.jpg 768w, https:\/\/gifex.com\/fr\/wp-content\/uploads\/10312\/Vue-du-centre-ville-de-Fort-de-France-la-nuit-2019-1536x1024.jpg 1536w, https:\/\/gifex.com\/fr\/wp-content\/uploads\/10312\/Vue-du-centre-ville-de-Fort-de-France-la-nuit-2019-2048x1366.jpg 2048w, https:\/\/gifex.com\/fr\/wp-content\/uploads\/10312\/Vue-du-centre-ville-de-Fort-de-France-la-nuit-2019-1600x1067.jpg 1600w\" sizes=\"(max-width: 360px) 100vw, 360px\" \/><\/a><figcaption id=\"caption-attachment-10318\" class=\"wp-caption-text\"><label style=\"font-size: 15px;\">Vue du centre-ville de Fort-de-France la nuit.<\/label><\/figcaption><\/figure>\n<p>Cette page liste les 34 communes du d\u00e9partement fran\u00e7ais de la Martinique au 1er janvier 2022.<\/p>\n<p>Les communes coop\u00e8rent dans les intercommunalit\u00e9s suivantes (\u00e0 partir de 2020) :<\/p>\n<ul>\n<li>Communaut\u00e9 d&#8217;agglom\u00e9ration du Centre de la Martinique<\/li>\n<li>Communaut\u00e9 d&#8217;agglom\u00e9ration de l&#8217;Espace Sud de la Martinique<\/li>\n<li>Communaut\u00e9 d&#8217;agglom\u00e9ration du Pays Nord Martinique<\/li>\n<\/ul>\n<p>Le tableau suivant donne la liste des communes, en pr\u00e9cisant leur code Insee, leur code postal principal, leur arrondissement, leur intercommunalit\u00e9, leur superficie, leur population et leur densit\u00e9, d&#8217;apr\u00e8s les chiffres de l&#8217;Insee issus du recensement 2019.<\/p>\n<div class=\"boxscrl\">\n<table width=\"802\">\n<tbody>\n<tr>\n<td colspan=\"8\" width=\"802\">Liste des 34 communes de la Martinique au\u00a01<sup>er<\/sup>\u00a0janvier 2022<\/td>\n<\/tr>\n<tr>\n<td rowspan=\"2\" width=\"121\">Nom<\/td>\n<td width=\"42\">Code<\/td>\n<td rowspan=\"2\" width=\"80\">Code postal<\/td>\n<td rowspan=\"2\" width=\"107\">Arrondissement<\/td>\n<td rowspan=\"2\" width=\"230\">Intercommunalit\u00e9<\/td>\n<td width=\"62\">Superficie<\/td>\n<td rowspan=\"2\" width=\"86\">Population<\/td>\n<td width=\"74\">Densit\u00e9<\/td>\n<\/tr>\n<tr>\n<td width=\"42\">Insee<\/td>\n<td width=\"62\">(km\u00b2)<\/td>\n<td width=\"74\">(hab.\/km\u00b2)<\/td>\n<\/tr>\n<tr>\n<td width=\"121\">Fort-de-France<\/td>\n<td rowspan=\"2\" width=\"42\">97209<\/td>\n<td width=\"80\">97200<\/td>\n<td rowspan=\"2\" width=\"107\">Fort-de-France<\/td>\n<td rowspan=\"2\" width=\"230\">CA du Centre de la Martinique<\/td>\n<td rowspan=\"2\" width=\"62\">44,21<\/td>\n<td rowspan=\"2\" width=\"86\" data-sort-value=\"76512\">76\u00a0512\u00a0(2019)<\/td>\n<td rowspan=\"2\" width=\"74\">1\u00a0731<\/td>\n<\/tr>\n<tr>\n<td width=\"121\">(pr\u00e9fecture)<\/td>\n<td width=\"80\">97234<\/td>\n<\/tr>\n<tr>\n<td width=\"121\">L&#8217;Ajoupa-Bouillon<\/td>\n<td width=\"42\">97201<\/td>\n<td width=\"80\">97216<\/td>\n<td width=\"107\">La Trinit\u00e9<\/td>\n<td width=\"230\">CA du Pays Nord Martinique<\/td>\n<td width=\"62\">12,30<\/td>\n<td width=\"86\" data-sort-value=\"1756\">1\u00a0756\u00a0(2019)<\/td>\n<td width=\"74\">143<\/td>\n<\/tr>\n<tr>\n<td width=\"121\">Les Anses-d&#8217;Arlet<\/td>\n<td width=\"42\">97202<\/td>\n<td width=\"80\">97217<\/td>\n<td width=\"107\">Le Marin<\/td>\n<td width=\"230\">CA de l&#8217;Espace Sud de la Martinique<\/td>\n<td width=\"62\">25,92<\/td>\n<td width=\"86\" data-sort-value=\"3494\">3\u00a0494\u00a0(2019)<\/td>\n<td width=\"74\">135<\/td>\n<\/tr>\n<tr>\n<td width=\"121\">Basse-Pointe<\/td>\n<td width=\"42\">97203<\/td>\n<td width=\"80\">97218<\/td>\n<td width=\"107\">La Trinit\u00e9<\/td>\n<td width=\"230\">CA du Pays Nord Martinique<\/td>\n<td width=\"62\">27,95<\/td>\n<td width=\"86\" data-sort-value=\"2823\">2\u00a0823\u00a0(2019)<\/td>\n<td width=\"74\">101<\/td>\n<\/tr>\n<tr>\n<td width=\"121\">Bellefontaine<\/td>\n<td width=\"42\">97234<\/td>\n<td width=\"80\">97222<\/td>\n<td width=\"107\">Saint-Pierre<\/td>\n<td width=\"230\">CA du Pays Nord Martinique<\/td>\n<td width=\"62\">11,89<\/td>\n<td width=\"86\" data-sort-value=\"1813\">1\u00a0813\u00a0(2019)<\/td>\n<td width=\"74\">152<\/td>\n<\/tr>\n<tr>\n<td width=\"121\">Le Carbet<\/td>\n<td width=\"42\">97204<\/td>\n<td width=\"80\">97221<\/td>\n<td width=\"107\">Saint-Pierre<\/td>\n<td width=\"230\">CA du Pays Nord Martinique<\/td>\n<td width=\"62\">36,00<\/td>\n<td width=\"86\" data-sort-value=\"3461\">3\u00a0461\u00a0(2019)<\/td>\n<td width=\"74\">96<\/td>\n<\/tr>\n<tr>\n<td width=\"121\">Case-Pilote<\/td>\n<td width=\"42\">97205<\/td>\n<td width=\"80\">97222<\/td>\n<td width=\"107\">Saint-Pierre<\/td>\n<td width=\"230\">CA du Pays Nord Martinique<\/td>\n<td width=\"62\">18,44<\/td>\n<td width=\"86\" data-sort-value=\"4455\">4\u00a0455\u00a0(2019)<\/td>\n<td width=\"74\">242<\/td>\n<\/tr>\n<tr>\n<td width=\"121\">Le Diamant<\/td>\n<td width=\"42\">97206<\/td>\n<td width=\"80\">97223<\/td>\n<td width=\"107\">Le Marin<\/td>\n<td width=\"230\">CA de l&#8217;Espace Sud de la Martinique<\/td>\n<td width=\"62\">27,34<\/td>\n<td width=\"86\" data-sort-value=\"5511\">5\u00a0511\u00a0(2019)<\/td>\n<td width=\"74\">202<\/td>\n<\/tr>\n<tr>\n<td width=\"121\">Ducos<\/td>\n<td width=\"42\">97207<\/td>\n<td width=\"80\">97224<\/td>\n<td width=\"107\">Le Marin<\/td>\n<td width=\"230\">CA de l&#8217;Espace Sud de la Martinique<\/td>\n<td width=\"62\">37,69<\/td>\n<td width=\"86\" data-sort-value=\"17655\">17\u00a0655\u00a0(2019)<\/td>\n<td width=\"74\">468<\/td>\n<\/tr>\n<tr>\n<td width=\"121\">Fonds-Saint-Denis<\/td>\n<td width=\"42\">97208<\/td>\n<td width=\"80\">97250<\/td>\n<td width=\"107\">Saint-Pierre<\/td>\n<td width=\"230\">CA du Pays Nord Martinique<\/td>\n<td width=\"62\">24,28<\/td>\n<td width=\"86\" data-sort-value=\"680\">680\u00a0(2019)<\/td>\n<td width=\"74\">28<\/td>\n<\/tr>\n<tr>\n<td width=\"121\">Le Fran\u00e7ois<\/td>\n<td width=\"42\">97210<\/td>\n<td width=\"80\">97240<\/td>\n<td width=\"107\">Le Marin<\/td>\n<td width=\"230\">CA de l&#8217;Espace Sud de la Martinique<\/td>\n<td width=\"62\">53,93<\/td>\n<td width=\"86\" data-sort-value=\"15980\">15\u00a0980\u00a0(2019)<\/td>\n<td width=\"74\">296<\/td>\n<\/tr>\n<tr>\n<td width=\"121\">Grand&#8217;Rivi\u00e8re<\/td>\n<td width=\"42\">97211<\/td>\n<td width=\"80\">97218<\/td>\n<td width=\"107\">La Trinit\u00e9<\/td>\n<td width=\"230\">CA du Pays Nord Martinique<\/td>\n<td width=\"62\">16,60<\/td>\n<td width=\"86\" data-sort-value=\"610\">610\u00a0(2019)<\/td>\n<td width=\"74\">37<\/td>\n<\/tr>\n<tr>\n<td width=\"121\">Gros-Morne<\/td>\n<td width=\"42\">97212<\/td>\n<td width=\"80\">97213<\/td>\n<td width=\"107\">La Trinit\u00e9<\/td>\n<td width=\"230\">CA du Pays Nord Martinique<\/td>\n<td width=\"62\">54,25<\/td>\n<td width=\"86\" data-sort-value=\"9689\">9\u00a0689\u00a0(2019)<\/td>\n<td width=\"74\">179<\/td>\n<\/tr>\n<tr>\n<td width=\"121\">Le Lamentin<\/td>\n<td width=\"42\">97213<\/td>\n<td width=\"80\">97232<\/td>\n<td width=\"107\">Fort-de-France<\/td>\n<td width=\"230\">CA du Centre de la Martinique<\/td>\n<td width=\"62\">62,32<\/td>\n<td width=\"86\" data-sort-value=\"40095\">40\u00a0095\u00a0(2019)<\/td>\n<td width=\"74\">643<\/td>\n<\/tr>\n<tr>\n<td width=\"121\">Le Lorrain<\/td>\n<td width=\"42\">97214<\/td>\n<td width=\"80\">97214<\/td>\n<td width=\"107\">La Trinit\u00e9<\/td>\n<td width=\"230\">CA du Pays Nord Martinique<\/td>\n<td width=\"62\">50,33<\/td>\n<td width=\"86\" data-sort-value=\"6768\">6\u00a0768\u00a0(2019)<\/td>\n<td width=\"74\">134<\/td>\n<\/tr>\n<tr>\n<td width=\"121\">Macouba<\/td>\n<td width=\"42\">97215<\/td>\n<td width=\"80\">97218<\/td>\n<td width=\"107\">La Trinit\u00e9<\/td>\n<td width=\"230\">CA du Pays Nord Martinique<\/td>\n<td width=\"62\">16,93<\/td>\n<td width=\"86\" data-sort-value=\"1050\">1\u00a0050\u00a0(2019)<\/td>\n<td width=\"74\">62<\/td>\n<\/tr>\n<tr>\n<td width=\"121\">Le Marigot<\/td>\n<td width=\"42\">97216<\/td>\n<td width=\"80\">97225<\/td>\n<td width=\"107\">La Trinit\u00e9<\/td>\n<td width=\"230\">CA du Pays Nord Martinique<\/td>\n<td width=\"62\">21,63<\/td>\n<td width=\"86\" data-sort-value=\"3117\">3\u00a0117\u00a0(2019)<\/td>\n<td width=\"74\">144<\/td>\n<\/tr>\n<tr>\n<td width=\"121\">Le Marin<\/td>\n<td width=\"42\">97217<\/td>\n<td width=\"80\">97290<\/td>\n<td width=\"107\">Le Marin<\/td>\n<td width=\"230\">CA de l&#8217;Espace Sud de la Martinique<\/td>\n<td width=\"62\">31,54<\/td>\n<td width=\"86\" data-sort-value=\"8751\">8\u00a0751\u00a0(2019)<\/td>\n<td width=\"74\">277<\/td>\n<\/tr>\n<tr>\n<td width=\"121\">Le Morne-Rouge<\/td>\n<td width=\"42\">97218<\/td>\n<td width=\"80\">97260<\/td>\n<td width=\"107\">Saint-Pierre<\/td>\n<td width=\"230\">CA du Pays Nord Martinique<\/td>\n<td width=\"62\">37,64<\/td>\n<td width=\"86\" data-sort-value=\"4795\">4\u00a0795\u00a0(2019)<\/td>\n<td width=\"74\">127<\/td>\n<\/tr>\n<tr>\n<td width=\"121\">Le Morne-Vert<\/td>\n<td width=\"42\">97233<\/td>\n<td width=\"80\">97226<\/td>\n<td width=\"107\">Saint-Pierre<\/td>\n<td width=\"230\">CA du Pays Nord Martinique<\/td>\n<td width=\"62\">13,37<\/td>\n<td width=\"86\" data-sort-value=\"1816\">1\u00a0816\u00a0(2019)<\/td>\n<td width=\"74\">136<\/td>\n<\/tr>\n<tr>\n<td width=\"121\">Le Pr\u00eacheur<\/td>\n<td width=\"42\">97219<\/td>\n<td width=\"80\">97250<\/td>\n<td width=\"107\">Saint-Pierre<\/td>\n<td width=\"230\">CA du Pays Nord Martinique<\/td>\n<td width=\"62\">29,92<\/td>\n<td width=\"86\" data-sort-value=\"1203\">1\u00a0203\u00a0(2019)<\/td>\n<td width=\"74\">40<\/td>\n<\/tr>\n<tr>\n<td width=\"121\">Rivi\u00e8re-Pilote<\/td>\n<td width=\"42\">97220<\/td>\n<td width=\"80\">97211<\/td>\n<td width=\"107\">Le Marin<\/td>\n<td width=\"230\">CA de l&#8217;Espace Sud de la Martinique<\/td>\n<td width=\"62\">35,78<\/td>\n<td width=\"86\" data-sort-value=\"11877\">11\u00a0877\u00a0(2019)<\/td>\n<td width=\"74\">332<\/td>\n<\/tr>\n<tr>\n<td width=\"121\">Rivi\u00e8re-Sal\u00e9e<\/td>\n<td width=\"42\">97221<\/td>\n<td width=\"80\">97215<\/td>\n<td width=\"107\">Le Marin<\/td>\n<td width=\"230\">CA de l&#8217;Espace Sud de la Martinique<\/td>\n<td width=\"62\">39,38<\/td>\n<td width=\"86\" data-sort-value=\"11874\">11\u00a0874\u00a0(2019)<\/td>\n<td width=\"74\">302<\/td>\n<\/tr>\n<tr>\n<td width=\"121\">Le Robert<\/td>\n<td width=\"42\">97222<\/td>\n<td width=\"80\">97231<\/td>\n<td width=\"107\">La Trinit\u00e9<\/td>\n<td width=\"230\">CA du Pays Nord Martinique<\/td>\n<td width=\"62\">47,30<\/td>\n<td width=\"86\" data-sort-value=\"21913\">21\u00a0913\u00a0(2019)<\/td>\n<td width=\"74\">463<\/td>\n<\/tr>\n<tr>\n<td width=\"121\">Saint-Esprit<\/td>\n<td width=\"42\">97223<\/td>\n<td width=\"80\">97270<\/td>\n<td width=\"107\">Le Marin<\/td>\n<td width=\"230\">CA de l&#8217;Espace Sud de la Martinique<\/td>\n<td width=\"62\">23,46<\/td>\n<td width=\"86\" data-sort-value=\"9890\">9\u00a0890\u00a0(2019)<\/td>\n<td width=\"74\">422<\/td>\n<\/tr>\n<tr>\n<td width=\"121\">Saint-Joseph<\/td>\n<td width=\"42\">97224<\/td>\n<td width=\"80\">97212<\/td>\n<td width=\"107\">Fort-de-France<\/td>\n<td width=\"230\">CA du Centre de la Martinique<\/td>\n<td width=\"62\">43,29<\/td>\n<td width=\"86\" data-sort-value=\"15883\">15\u00a0883\u00a0(2019)<\/td>\n<td width=\"74\">367<\/td>\n<\/tr>\n<tr>\n<td width=\"121\">Saint-Pierre<\/td>\n<td width=\"42\">97225<\/td>\n<td width=\"80\">97250<\/td>\n<td width=\"107\">Saint-Pierre<\/td>\n<td width=\"230\">CA du Pays Nord Martinique<\/td>\n<td width=\"62\">38,72<\/td>\n<td width=\"86\" data-sort-value=\"4121\">4\u00a0121\u00a0(2019)<\/td>\n<td width=\"74\">106<\/td>\n<\/tr>\n<tr>\n<td width=\"121\">Sainte-Anne<\/td>\n<td width=\"42\">97226<\/td>\n<td width=\"80\">97227<\/td>\n<td width=\"107\">Le Marin<\/td>\n<td width=\"230\">CA de l&#8217;Espace Sud de la Martinique<\/td>\n<td width=\"62\">38,42<\/td>\n<td width=\"86\" data-sort-value=\"4444\">4\u00a0444\u00a0(2019)<\/td>\n<td width=\"74\">116<\/td>\n<\/tr>\n<tr>\n<td width=\"121\">Sainte-Luce<\/td>\n<td width=\"42\">97227<\/td>\n<td width=\"80\">97228<\/td>\n<td width=\"107\">Le Marin<\/td>\n<td width=\"230\">CA de l&#8217;Espace Sud de la Martinique<\/td>\n<td width=\"62\">28,02<\/td>\n<td width=\"86\" data-sort-value=\"9487\">9\u00a0487\u00a0(2019)<\/td>\n<td width=\"74\">339<\/td>\n<\/tr>\n<tr>\n<td width=\"121\">Sainte-Marie<\/td>\n<td width=\"42\">97228<\/td>\n<td width=\"80\">97230<\/td>\n<td width=\"107\">La Trinit\u00e9<\/td>\n<td width=\"230\">CA du Pays Nord Martinique<\/td>\n<td width=\"62\">44,55<\/td>\n<td width=\"86\" data-sort-value=\"15487\">15\u00a0487\u00a0(2019)<\/td>\n<td width=\"74\">348<\/td>\n<\/tr>\n<tr>\n<td width=\"121\">Sch\u0153lcher<\/td>\n<td width=\"42\">97229<\/td>\n<td width=\"80\">97233<\/td>\n<td width=\"107\">Fort-de-France<\/td>\n<td width=\"230\">CA du Centre de la Martinique<\/td>\n<td width=\"62\">21,17<\/td>\n<td width=\"86\" data-sort-value=\"19612\">19\u00a0612\u00a0(2019)<\/td>\n<td width=\"74\">926<\/td>\n<\/tr>\n<tr>\n<td width=\"121\">La Trinit\u00e9<\/td>\n<td width=\"42\">97230<\/td>\n<td width=\"80\">97220<\/td>\n<td width=\"107\">La Trinit\u00e9<\/td>\n<td width=\"230\">CA du Pays Nord Martinique<\/td>\n<td width=\"62\">45,77<\/td>\n<td width=\"86\" data-sort-value=\"12025\">12\u00a0025\u00a0(2019)<\/td>\n<td width=\"74\">263<\/td>\n<\/tr>\n<tr>\n<td width=\"121\">Les Trois-\u00celets<\/td>\n<td width=\"42\">97231<\/td>\n<td width=\"80\">97229<\/td>\n<td width=\"107\">Le Marin<\/td>\n<td width=\"230\">CA de l&#8217;Espace Sud de la Martinique<\/td>\n<td width=\"62\">28,60<\/td>\n<td width=\"86\" data-sort-value=\"7242\">7\u00a0242\u00a0(2019)<\/td>\n<td width=\"74\">253<\/td>\n<\/tr>\n<tr>\n<td width=\"121\">Le Vauclin<\/td>\n<td width=\"42\">97232<\/td>\n<td width=\"80\">97280<\/td>\n<td width=\"107\">Le Marin<\/td>\n<td width=\"230\">CA de l&#8217;Espace Sud de la Martinique<\/td>\n<td width=\"62\">39,06<\/td>\n<td width=\"86\" data-sort-value=\"8619\">8\u00a0619\u00a0(2019)<\/td>\n<td width=\"74\">221<\/td>\n<\/tr>\n<\/tbody>\n<\/table>\n<\/div>\n","protected":false},"excerpt":{"rendered":"<p>Carte des communes de la Martinique Cette page liste les 34 communes du d\u00e9partement fran\u00e7ais de la Martinique au 1er janvier 2022. Les communes coop\u00e8rent dans les intercommunalit\u00e9s suivantes (\u00e0 partir de 2020) : Communaut\u00e9 d&#8217;agglom\u00e9ration du Centre de la Martinique Communaut\u00e9 d&#8217;agglom\u00e9ration de l&#8217;Espace Sud de la Martinique Communaut\u00e9 d&#8217;agglom\u00e9ration du Pays Nord Martinique [&hellip;]<\/p>\n","protected":false},"author":1,"featured_media":10315,"template":"","categoria_ficha":[68],"class_list":["post-10312","ficha","type-ficha","status-publish","has-post-thumbnail","hentry","categoria_ficha-cartes-de-la-martinique"],"acf":[],"_links":{"self":[{"href":"https:\/\/gifex.com\/fr\/wp-json\/wp\/v2\/ficha\/10312","targetHints":{"allow":["GET"]}}],"collection":[{"href":"https:\/\/gifex.com\/fr\/wp-json\/wp\/v2\/ficha"}],"about":[{"href":"https:\/\/gifex.com\/fr\/wp-json\/wp\/v2\/types\/ficha"}],"author":[{"embeddable":true,"href":"https:\/\/gifex.com\/fr\/wp-json\/wp\/v2\/users\/1"}],"version-history":[{"count":13,"href":"https:\/\/gifex.com\/fr\/wp-json\/wp\/v2\/ficha\/10312\/revisions"}],"predecessor-version":[{"id":20991,"href":"https:\/\/gifex.com\/fr\/wp-json\/wp\/v2\/ficha\/10312\/revisions\/20991"}],"wp:featuredmedia":[{"embeddable":true,"href":"https:\/\/gifex.com\/fr\/wp-json\/wp\/v2\/media\/10315"}],"wp:attachment":[{"href":"https:\/\/gifex.com\/fr\/wp-json\/wp\/v2\/media?parent=10312"}],"wp:term":[{"taxonomy":"categoria_ficha","embeddable":true,"href":"https:\/\/gifex.com\/fr\/wp-json\/wp\/v2\/categoria_ficha?post=10312"}],"curies":[{"name":"wp","href":"https:\/\/api.w.org\/{rel}","templated":true}]}}