{"id":10040,"date":"2022-04-09T23:09:55","date_gmt":"2022-04-09T23:09:55","guid":{"rendered":"https:\/\/gifex.com\/fr\/?post_type=ficha&#038;p=10040"},"modified":"2023-03-24T19:16:16","modified_gmt":"2023-03-24T19:16:16","slug":"carte-des-langues-et-dialectes-de-la-france","status":"publish","type":"ficha","link":"https:\/\/gifex.com\/fr\/fichier\/carte-des-langues-et-dialectes-de-la-france\/","title":{"rendered":"Carte des langues et dialectes de la France"},"content":{"rendered":"<p>Carte des langues et dialectes de la France et des r\u00e9gions frontali\u00e8res, un ensemble de langues g\u00e9ographiquement et historiquement implant\u00e9es sur le territoire fran\u00e7ais, autres que la\u00a0langue fran\u00e7aise.<\/p>\n<p>Parmi les langues de France, le fran\u00e7ais est la seule langue officielle selon le deuxi\u00e8me article de la Constitution fran\u00e7aise. Le fran\u00e7ais, langue gallo-romane, est parl\u00e9 par la quasi-totalit\u00e9 de la population fran\u00e7aise.<\/p>\n<p>Outre le fran\u00e7ais, plusieurs langues r\u00e9gionales sont \u00e9galement parl\u00e9es \u00e0 des degr\u00e9s divers, comme l&#8217;alsacien, un dialecte germanique (en particulier l&#8217;al\u00e9manique) (parl\u00e9 par 1,44% de la population nationale) ; le basque, un isolat ; le breton, une langue celtique (parl\u00e9e \u00e0 0,61 %) ; le corse, une langue italo-dalmate ; et diverses autres langues gallo-romanes (Langues d&#8217;O\u00efl 1,25%, Occitan 1,33%). Certaines de ces langues sont \u00e9galement parl\u00e9es dans les pays voisins, comme la Belgique, l&#8217;Allemagne, la Suisse, l&#8217;Italie ou l&#8217;Espagne.<\/p>\n","protected":false},"excerpt":{"rendered":"<p>Un ensemble de langues g\u00e9ographiquement et historiquement implant\u00e9es sur le territoire fran\u00e7ais, autres que la\u00a0langue fran\u00e7aise. Parmi les langues de France, le fran\u00e7ais est la seule langue officielle selon le deuxi\u00e8<\/p>\n","protected":false},"author":1,"featured_media":10044,"template":"","categoria_ficha":[45],"class_list":["post-10040","ficha","type-ficha","status-publish","has-post-thumbnail","hentry","categoria_ficha-cartes-de-la-france"],"acf":[],"_links":{"self":[{"href":"https:\/\/gifex.com\/fr\/wp-json\/wp\/v2\/ficha\/10040","targetHints":{"allow":["GET"]}}],"collection":[{"href":"https:\/\/gifex.com\/fr\/wp-json\/wp\/v2\/ficha"}],"about":[{"href":"https:\/\/gifex.com\/fr\/wp-json\/wp\/v2\/types\/ficha"}],"author":[{"embeddable":true,"href":"https:\/\/gifex.com\/fr\/wp-json\/wp\/v2\/users\/1"}],"version-history":[{"count":5,"href":"https:\/\/gifex.com\/fr\/wp-json\/wp\/v2\/ficha\/10040\/revisions"}],"predecessor-version":[{"id":36471,"href":"https:\/\/gifex.com\/fr\/wp-json\/wp\/v2\/ficha\/10040\/revisions\/36471"}],"wp:featuredmedia":[{"embeddable":true,"href":"https:\/\/gifex.com\/fr\/wp-json\/wp\/v2\/media\/10044"}],"wp:attachment":[{"href":"https:\/\/gifex.com\/fr\/wp-json\/wp\/v2\/media?parent=10040"}],"wp:term":[{"taxonomy":"categoria_ficha","embeddable":true,"href":"https:\/\/gifex.com\/fr\/wp-json\/wp\/v2\/categoria_ficha?post=10040"}],"curies":[{"name":"wp","href":"https:\/\/api.w.org\/{rel}","templated":true}]}}