{"id":10023,"date":"2022-04-09T19:41:14","date_gmt":"2022-04-09T19:41:14","guid":{"rendered":"https:\/\/gifex.com\/fr\/?post_type=ficha&#038;p=10023"},"modified":"2023-01-30T13:47:07","modified_gmt":"2023-01-30T13:47:07","slug":"carte-de-la-gaule-du-temps-de-cesar","status":"publish","type":"ficha","link":"https:\/\/gifex.com\/fr\/fichier\/carte-de-la-gaule-du-temps-de-cesar\/","title":{"rendered":"Carte de la Gaule du temps de C\u00e9sar"},"content":{"rendered":"<p style=\"text-align: center;\"><label style=\"font-size: 15px;\">Carte de la Gaule du temps de C\u00e9sar selon l&#8217;historien Gustav Droysen d&#8217;apr\u00e8s les peuples d\u00e9finis par Jules C\u00e9sar : les Belges (en orange), les Aquitains (en rouge), les Celtes (en vert) et la Gaule narbonnaise \/ Gaule transalpine appel\u00e9e ici Provincia Romana (en jaune).<\/label><\/p>\n<figure id=\"attachment_10027\" aria-describedby=\"caption-attachment-10027\" style=\"width: 360px\" class=\"wp-caption alignright\"><a href=\"https:\/\/gifex.com\/fr\/wp-content\/uploads\/10023\/Chef-gaulois-avant-la-conquete-romaine.jpg\" target=\"_blank\" rel=\"noopener\"><img fetchpriority=\"high\" decoding=\"async\" class=\"wp-image-10027\" style=\"width: 100%; max-width: 360px; height: auto;\" title=\"Chef gaulois avant la conqu\u00eate romaine.\" src=\"https:\/\/gifex.com\/fr\/wp-content\/uploads\/10023\/Chef-gaulois-avant-la-conquete-romaine-124x300.jpg\" alt=\"Chef gaulois avant la conqu\u00eate romaine.\" width=\"360\" height=\"869\" srcset=\"https:\/\/gifex.com\/fr\/wp-content\/uploads\/10023\/Chef-gaulois-avant-la-conquete-romaine-124x300.jpg 124w, https:\/\/gifex.com\/fr\/wp-content\/uploads\/10023\/Chef-gaulois-avant-la-conquete-romaine-424x1024.jpg 424w, https:\/\/gifex.com\/fr\/wp-content\/uploads\/10023\/Chef-gaulois-avant-la-conquete-romaine-300x724.jpg 300w, https:\/\/gifex.com\/fr\/wp-content\/uploads\/10023\/Chef-gaulois-avant-la-conquete-romaine.jpg 500w\" sizes=\"(max-width: 360px) 100vw, 360px\" \/><\/a><figcaption id=\"caption-attachment-10027\" class=\"wp-caption-text\"><label style=\"font-size: 15px;\">Chef gaulois avant la conqu\u00eate romaine.<\/label><\/figcaption><\/figure>\n<p>La Gaule \u00e9tait une r\u00e9gion d&#8217;Europe occidentale d\u00e9crite pour la premi\u00e8re fois par les Romains. Elle \u00e9tait habit\u00e9e par des tribus celtiques et aquitaines, englobant aujourd&#8217;hui la France, le Luxembourg, la Belgique, la majeure partie de la Suisse et certaines parties du nord de l&#8217;Italie, des Pays-Bas et de l&#8217;Allemagne, en particulier la rive ouest du Rhin. Elle couvrait une superficie de 494 000 km\u00b2. Selon Jules C\u00e9sar, la Gaule \u00e9tait divis\u00e9e en trois parties : <em>Gallia Celtica<\/em>, <em>Belgica<\/em> et <em>Aquitania<\/em>. Arch\u00e9ologiquement, les Gaulois \u00e9taient porteurs de la culture de La T\u00e8ne, qui s&#8217;\u00e9tendait \u00e0 toute la Gaule, ainsi qu&#8217;\u00e0 l&#8217;est jusqu&#8217;\u00e0 la Rh\u00e9tie, le Norique, la Pannonie et le sud-ouest de la Germanie du ve si\u00e8cle av. J.-C. au ier si\u00e8cle av. J.-C.<\/p>\n<p>La Gaule tomba sous domination romaine au cours d&#8217;une p\u00e9riode allant du iie si\u00e8cle av. J.-C. au ier si\u00e8cle av. J.-C. : la Gaule Cisalpine fut conquise en -203 et la Gaule narbonnaise en -123. La Gaule fut envahie apr\u00e8s -120 par les Cimbres et les Teutons, qui furent \u00e0 leur tour vaincus par les Romains en -103. Jules C\u00e9sar conquit finalement les parties restantes de la Gaule dans ses campagnes de -58 \u00e0 -51.<\/p>\n<p>La\u00a0Gaule romaine\u00a0a dur\u00e9 cinq si\u00e8cles, jusqu&#8217;\u00e0 ce que le dernier\u00a0\u00c9tat croupion\u00a0romain, le\u00a0domaine de Soissons, ne tombe aux mains des\u00a0Francs\u00a0en 486. Alors que les Gaulois celtiques avaient perdu leurs identit\u00e9s et leurs langues originelles durant l&#8217;Antiquit\u00e9 tardive, devenant amalgam\u00e9s en une\u00a0culture gallo-romaine,\u00a0<i>Gallia<\/i>\u00a0est rest\u00e9 le nom conventionnel du territoire tout au long du\u00a0haut Moyen \u00c2ge, jusqu&#8217;\u00e0 ce que la Gaule acqui\u00e8re une nouvelle identit\u00e9 en tant que\u00a0royaume de France\u00a0cap\u00e9tien\u00a0dans la haute p\u00e9riode m\u00e9di\u00e9vale.\u00a0<i>Gallia<\/i>\u00a0reste un nom de la\u00a0France\u00a0dans le\u00a0grec moderne\u00a0(\u0393\u03b1\u03bb\u03bb\u03af\u03b1) et le\u00a0latin moderne\u00a0(\u00e0 c\u00f4t\u00e9 des alternatives\u00a0<i>Francia<\/i>\u00a0et\u00a0<i>Francogallia<\/i>).<\/p>\n","protected":false},"excerpt":{"rendered":"<p>La Gaule \u00e9tait une r\u00e9gion d&#8217;Europe occidentale englobant aujourd&#8217;hui la France, le Luxembourg, la Belgique, la majeure partie de la Suisse et certaines parties du nord de l&#8217;Italie, des Pays-Bas et de l&#8217;Allemagne<\/p>\n","protected":false},"author":1,"featured_media":10026,"template":"","categoria_ficha":[101,45,139,125],"class_list":["post-10023","ficha","type-ficha","status-publish","has-post-thumbnail","hentry","categoria_ficha-cartes-de-la-belgique","categoria_ficha-cartes-de-la-france","categoria_ficha-cartes-de-la-suisse","categoria_ficha-cartes-du-luxembourg"],"acf":[],"_links":{"self":[{"href":"https:\/\/gifex.com\/fr\/wp-json\/wp\/v2\/ficha\/10023","targetHints":{"allow":["GET"]}}],"collection":[{"href":"https:\/\/gifex.com\/fr\/wp-json\/wp\/v2\/ficha"}],"about":[{"href":"https:\/\/gifex.com\/fr\/wp-json\/wp\/v2\/types\/ficha"}],"author":[{"embeddable":true,"href":"https:\/\/gifex.com\/fr\/wp-json\/wp\/v2\/users\/1"}],"version-history":[{"count":11,"href":"https:\/\/gifex.com\/fr\/wp-json\/wp\/v2\/ficha\/10023\/revisions"}],"predecessor-version":[{"id":32458,"href":"https:\/\/gifex.com\/fr\/wp-json\/wp\/v2\/ficha\/10023\/revisions\/32458"}],"wp:featuredmedia":[{"embeddable":true,"href":"https:\/\/gifex.com\/fr\/wp-json\/wp\/v2\/media\/10026"}],"wp:attachment":[{"href":"https:\/\/gifex.com\/fr\/wp-json\/wp\/v2\/media?parent=10023"}],"wp:term":[{"taxonomy":"categoria_ficha","embeddable":true,"href":"https:\/\/gifex.com\/fr\/wp-json\/wp\/v2\/categoria_ficha?post=10023"}],"curies":[{"name":"wp","href":"https:\/\/api.w.org\/{rel}","templated":true}]}}